{"id":25873,"date":"2023-07-07T11:38:31","date_gmt":"2023-07-07T09:38:31","guid":{"rendered":"https:\/\/opi-test.opi.org.pl\/?page_id=25873"},"modified":"2024-01-05T15:33:55","modified_gmt":"2024-01-05T14:33:55","slug":"faq","status":"publish","type":"page","link":"https:\/\/opi.org.pl\/kpo\/faq\/","title":{"rendered":"FAQ"},"content":{"rendered":"\n<div class=\"wp-block-group alignwide kpo\"><div class=\"wp-block-group__inner-container is-layout-flow wp-block-group-is-layout-flow\">\n<figure class=\"wp-block-image size-full desktop\"><img decoding=\"async\" src=\"https:\/\/opi.org.pl\/kpo\/wp-content\/uploads\/2023\/07\/kpo-logotypy.svg\" alt=\"Zestaw Logotyp\u00f3w: Krajowy Plan Odbudowy, Rzeczpospolita Polska, Sfinansowane przez Uni\u0119 Europejsk\u0105 Next GenerationEU\" class=\"wp-image-25876\"\/><\/figure>\n\n\n\n<figure class=\"wp-block-image size-full mobile\"><img decoding=\"async\" src=\"https:\/\/opi.org.pl\/kpo\/wp-content\/uploads\/2023\/07\/kpo-logotypy-mobile.svg\" alt=\"Zestaw Logotyp\u00f3w: Krajowy Plan Odbudowy, Rzeczpospolita Polska, Sfinansowane przez Uni\u0119 Europejsk\u0105 Next GenerationEU\" class=\"wp-image-25877\"\/><\/figure>\n<\/div><\/div>\n\n\n\n<p><\/p>\n\n\n\n<div style=\"height:8px\" aria-hidden=\"true\" class=\"wp-block-spacer\"><\/div>\n\n\n\n<h4 class=\"wp-block-heading\">Zapraszamy do zapoznania si\u0119 z odpowiedziami na najcz\u0119\u015bciej zadawane pytania dotycz\u0105ce inwestycji A2.4.1. Inwestycje w rozbudow\u0119 potencja\u0142u badawczego w ramach Krajowego Planu Odbudowy i Zwi\u0119kszania Odporno\u015bci (KPO)<\/h4>\n\n\n\n<div style=\"height:9px\" aria-hidden=\"true\" class=\"wp-block-spacer\"><\/div>\n\n\n\n<h5 class=\"wp-block-heading\"><strong>1. Czy zapis pkt. 9 Regulaminu wyboru przedsi\u0119wzi\u0119\u0107 (\u2026) \u2013 przedsi\u0119wzi\u0119cia z Polskiej Mapy Infrastruktury Badawczej (nab\u00f3r wniosk\u00f3w nr KPOD.01.18-IW.03-001\/23) oznacza, \u017ce publiczna uczelnia wy\u017csza maj\u0105ca siedzib\u0119 w Krakowie nie mo\u017ce stara\u0107 si\u0119 o wsparcie w ramach tego konkursu? <\/strong><\/h5>\n\n\n\n<p>Zgodnie z \u00a71 pkt 9 Regulaminu: Wnioskodawca samodzielny albo Lider konsorcjum aplikuj\u0105cy o wsparcie przedsi\u0119wzi\u0119cia w konkursie musi mie\u0107 siedzib\u0119 w regionie warszawskim sto\u0142ecznym. Jednocze\u015bnie w pkt 11 twego samego paragrafu wskazano, co wchodzi w sk\u0142ad regionu warszawskiego sto\u0142ecznego. Zatem aby stara\u0107 si\u0119 o wsparcie w ramach konkursu, nale\u017cy spe\u0142nia\u0107 te warunki obligatoryjnie, tzn. wsparciem mog\u0105 by\u0107 obj\u0119te wy\u0142\u0105cznie przedsi\u0119wzi\u0119cia, kt\u00f3rych miejscem realizacji jest region warszawski sto\u0142eczny oraz&nbsp; Wnioskodawca samodzielny albo Lider musi mie\u0107 siedzib\u0119 w regionie warszawskim sto\u0142ecznym. Wymaganie to zawarto r\u00f3wnie\u017c w Kryteriach wyboru przedsi\u0119wzi\u0119\u0107 (kryteria szczeg\u00f3\u0142owe).<\/p>\n\n\n\n<h5 class=\"wp-block-heading\">2. Czy mo\u017cliwe jest zawarcie przez OPI warunkowej umowy o obj\u0119ciu przedsi\u0119wzi\u0119cia wsparciem przed dostarczeniem przez Wnioskodawc\u0119 prawomocnego pozwolenia na budow\u0119? <\/h5>\n\n\n\n<p>Zgodnie z \u00a711. ust. 22 Regulaminu, OPI dopuszcza mo\u017cliwo\u015b\u0107 zawarcia warunkowej umowy o obj\u0119cie przedsi\u0119wzi\u0119cia wsparciem przed dostarczeniem prawomocnego pozwolenia na budow\u0119.<\/p>\n\n\n\n<h5 class=\"wp-block-heading\">3. Czy zawarcie umowy warunkowej ma charakter uznaniowy, czy po spe\u0142nieniu minimalnych warunk\u00f3w wszyscy Wnioskodawcy nieposiadaj\u0105cy prawomocnego pozwolenia na budow\u0119 b\u0119d\u0105 mogli zawrze\u0107 umow\u0119 warunkow\u0105? <\/h5>\n\n\n\n<p>Zawarcie umowy warunkowej nie ma charakteru uznaniowego i b\u0119dzie mo\u017cliwe po spe\u0142nieniu przez Wnioskodawc\u0119 warunk\u00f3w okre\u015blonych we wzorze umowy.<\/p>\n\n\n\n<p><\/p>\n\n\n\n<h5 class=\"wp-block-heading\">4. W cz\u0119\u015bci gospodarczej mo\u017cliwe jest korzystanie z pomocy de minimis. Rozumiemy, \u017ce musimy zweryfikowa\u0107 kwot\u0119 pomocy de minimis otrzyman\u0105 przez nasz\u0105 uczelni\u0119 w ostatnich 3 latach i mo\u017cemy wykorzysta\u0107 t\u0119 pomoc do limitu 200 tysi\u0119cy euro, kt\u00f3ry obowi\u0105zuje dla tego okresu? Natomiast czy w przypadku wyczerpania tego limitu jest nadal mo\u017cliwe finansowanie wydatk\u00f3w projektowych w ramach tej kategorii lub innej?<\/h5>\n\n\n\n<p>Zgodnie z Rozporz\u0105dzeniem 1407\/2013 w przypadku przekroczenia przez dany podmiot limitu 200 tys. euro w okresie 3 lat podatkowych, nie ma mo\u017cliwo\u015bci udzielenia pomocy de minimis w cz\u0119\u015bci gospodarczej projektu. Wydatki b\u0119d\u0105 mog\u0142y by\u0107 uznane za kwalifikowalne jedynie w cz\u0119\u015bci niegospodarczej (nieobj\u0119tej pomoc\u0105 publiczn\u0105 oraz pomoc\u0105 de minimis). Natomiast w cz\u0119\u015bci gospodarczej powinny zosta\u0107 wykazane jako koszt niekwalifikowalny, przy czym wykazanie po stronie koszt\u00f3w niekwalifikowalnych nie dotyczy koszt\u00f3w po\u015brednich rozliczanych stawk\u0105 rycza\u0142tow\u0105. Informujemy r\u00f3wnie\u017c, \u017ce na stronie UOKIK mo\u017cna sprawdzi\u0107 dane o udzielonej pomocy w og\u00f3lnodost\u0119pnym Systemie Udost\u0119pniania Danych o Pomocy Publicznej: https:\/\/sudop.uokik.gov.pl\/home<\/p>\n\n\n\n<p><\/p>\n\n\n\n<h5 class=\"wp-block-heading\">5. Czy jest okre\u015blona minimalna i maksymalna warto\u015b\u0107 projektu (pr\u00f3g koszt\u00f3w kwalifikowalnych)?<\/h5>\n\n\n\n<p>Regulamin naboru nie okre\u015bla minimalnej i maksymalnej warto\u015bci przedsi\u0119wzi\u0119cia.<\/p>\n\n\n\n<p><\/p>\n\n\n\n<h5 class=\"wp-block-heading\">6. Czy partner w projekcie, kt\u00f3ry ma siedzib\u0119 g\u0142\u00f3wn\u0105 poza regionem warszawskim, ale b\u0119dzie ponosi\u0107 wydatki projektowe (realizowa\u0107 projekt) w infrastrukturze w\u0142asnej lub wynaj\u0119tej zlokalizowanej w regionie warszawskim sto\u0142ecznym, mo\u017ce by\u0107 dofinansowany?<\/h5>\n\n\n\n<p>Zgodnie z \u00a71 pkt 9 oraz pkt 11 Regulaminu: wnioskodawca samodzielny albo Lider konsorcjum aplikuj\u0105cy o wsparcie przedsi\u0119wzi\u0119cia w konkursie musi mie\u0107 siedzib\u0119 w regionie warszawskim sto\u0142ecznym oraz wsparciem mog\u0105 by\u0107 obj\u0119te wy\u0142\u0105cznie przedsi\u0119wzi\u0119cia, kt\u00f3rych miejscem realizacji jest region warszawski sto\u0142eczny.<br>Jednocze\u015bnie w \u00a71 pkt 11 wskazane zosta\u0142y miejsca wchodz\u0105ce w sk\u0142ad regionu warszawskiego sto\u0142ecznego. Wymagania te zawarte s\u0105 r\u00f3wnie\u017c w Kryteriach wyboru przedsi\u0119wzi\u0119\u0107 (kryteria szczeg\u00f3\u0142owe).<\/p>\n\n\n\n<h5 class=\"wp-block-heading\">7. Czy ca\u0142y podatek VAT w projekcie nie mo\u017ce by\u0107 kosztem kwalifikowalnym pomimo, \u017ce projekty zawieraj\u0105 cz\u0119\u015b\u0107 gospodarcz\u0105 i niegospodarcz\u0105?<\/h5>\n\n\n\n<p>Zgodnie z Przewodnikiem kwalifikowalno\u015bci wydatk\u00f3w, podatek od towar\u00f3w i us\u0142ug (VAT) stanowi wydatek niekwalifikowalny. Ponadto, \u201eOg\u00f3lne wytyczne kwalifikowalno\u015bci koszt\u00f3w realizowanych Inwestycji w MEiN w ramach Krajowego Planu Odbudowy i Zwi\u0119kszania Odporno\u015bci\u201d stanowi\u0105, \u017ce zgodnie z zasadami obowi\u0105zuj\u0105cymi w RRF, w ca\u0142ym KPO VAT jest niekwalifikowalny i nie mo\u017ce by\u0107 finansowany ze \u015brodk\u00f3w planu rozwojowego.<\/p>\n\n\n\n<p><\/p>\n\n\n\n<h5 class=\"wp-block-heading\">8. Na jakim poziomie musi by\u0107 zgodno\u015b\u0107 przedsi\u0119wzi\u0119cia z tym, co ju\u017c zosta\u0142o wpisane w Map\u0119 Drogow\u0105?<\/h5>\n\n\n\n<p>Zgodnie z Regulaminem ocena, czy przedsi\u0119wzi\u0119cie jest wpisane na PMIB, dokonywana jest w ramach kryterium szczeg\u00f3\u0142owego: \u201ePrzedsi\u0119wzi\u0119cie jest wpisane na Polsk\u0105 Map\u0119 Infrastruktury Badawczej \u2013 dotyczy schematu A\u201d.<br>Wnioskodawca\/Lider konsorcjum zobowi\u0105zany jest do za\u0142\u0105czenia do wniosku O\u015bwiadczenia dotycz\u0105cego zgodno\u015bci przedsi\u0119wzi\u0119cia&nbsp; z\u0142o\u017conego w Naborze nr KPOD.01.18-IW.03-001\/23 z danymi uj\u0119tymi we wniosku\/ podaniu o wpis infrastruktury&nbsp; na Polsk\u0105 Map\u0119 Infrastruktury Badawczej z\u0142o\u017conym w ramach naboru MNiSW (obecnie: MEiN). Ocena dokonywana jest w oparciu o: dane wynikaj\u0105ce z opublikowanej PMIB, o\u015bwiadczenie Wnioskodawcy oraz za\u0142\u0105czniki (w tym zgoda IOI na wyznaczonego Lidera konsorcjum albo zgoda IOI na samodzieln\u0105 realizacj\u0119 przedsi\u0119wzi\u0119cia przez jednego Wnioskodawc\u0119). <br>Przedsi\u0119wzi\u0119cie umieszczone na PMIB mo\u017ce podlega\u0107 nast\u0119puj\u0105cym modyfikacjom (z zastrze\u017ceniem, \u017ce nie jest dopuszczalne wprowadzenie zmian w zakresie Agendy badawczej zg\u0142oszonej do realizacji we wniosku o wpis na PMIB):<\/p>\n\n\n\n<ul class=\"wp-block-list\">\n<li>okre\u015blenie tytu\u0142u przedsi\u0119wzi\u0119cia sk\u0142adanego w konkursie niezgodnego z nazw\u0105 infrastruktury uj\u0119t\u0105 na opublikowanej PMiB \u2013 Wnioskodawca jest zobowi\u0105zany do uzyskania i przedstawienia pisemnej zgody IOI, przy czym modyfikacja mo\u017ce polega\u0107 wy\u0142\u0105cznie na dopisaniu do istniej\u0105cej na PMIB nazwy infrastruktury dodatkowych tre\u015bci;<\/li>\n\n\n\n<li>zwi\u0119kszenie bud\u017cetu przedsi\u0119wzi\u0119cia z\u0142o\u017conego w konkursie w stosunku do koszt\u00f3w zakupu\/ wytworzenia infrastruktury badawczej uj\u0119tych we wniosku\/podaniu o wpis na PMIB \u2013 Wnioskodawca jest zobowi\u0105zany do uzyskania i przedstawienia pisemnej zgody IOI;<\/li>\n\n\n\n<li>poszerzenie sk\u0142adu konsorcjum\/ podmiot\u00f3w przedsi\u0119wzi\u0119cia w stosunku do podmiot\u00f3w, kt\u00f3re zosta\u0142y wymienione we wniosku\/ podaniu o wpis na PMIB &#8211; Wnioskodawca jest zobowi\u0105zany do pisemnego poinformowania IOI oraz przedstawienia powiadomienia;<\/li>\n\n\n\n<li>zmniejszenie sk\u0142adu konsorcjum\/ podmiot\u00f3w zaanga\u017cowanych w realizacj\u0119 przedsi\u0119wzi\u0119cia w stosunku do podmiot\u00f3w, kt\u00f3re zosta\u0142y wymienione we wniosku\/ podaniu o wpis na PMIB \u2013 Wnioskodawca jest zobowi\u0105zany do uzyskania i przedstawienia pisemnej zgody IOI;<\/li>\n\n\n\n<li>zmiana zakresu rzeczowego przedsi\u0119wzi\u0119cia z\u0142o\u017conego konkursie w stosunku do zakresu rzeczowego uj\u0119tego we wniosku\/ podaniu o wpis na PMIB \u2013 Wnioskodawca musi uzyska\u0107 i przedstawi\u0107 pisemn\u0105 zgod\u0119 IOI.<\/li>\n<\/ul>\n\n\n\n<h5 class=\"wp-block-heading\">9. Czy wniesienie zabezpieczenia w formie weksla in blanco to jedyny mo\u017cliwy spos\u00f3b, czy dopuszczalne jest jakiekolwiek rozwi\u0105zanie alternatywne?<\/h5>\n\n\n\n<p>Zgodnie z Regulaminem, \u00a7 11. Zawarcie umowy o obj\u0119cie przedsi\u0119wzi\u0119cia wsparciem: \u201eOstateczny Odbiorca Wsparcia zobowi\u0105zany jest do wniesienia zabezpieczenia w formie weksla in blanco opatrzonego klauzul\u0105 \u201enie na zlecenie\u201d z podpisem notarialnie po\u015bwiadczonym albo z\u0142o\u017conym w obecno\u015bci osoby upowa\u017cnionej przez OPI PIB wraz z deklaracj\u0105 wekslow\u0105\u201d. Tym samym, jest to jedyna mo\u017cliwa forma wniesienia zabezpieczenia.<\/p>\n\n\n\n<h5 class=\"wp-block-heading\">10. Czy w przypadku ubiegania si\u0119 o wsparcie jako konsorcjum, podmiotem podpisuj\u0105cym weksel jest Lider, czy te\u017c samodzielnie ka\u017cdy z konsorcjant\u00f3w?<\/h5>\n\n\n\n<p>Zgodnie z Regulaminem, \u00a7 11. Zawarcie umowy o obj\u0119cie przedsi\u0119wzi\u0119cia wsparciem \u201eOstateczny Odbiorca Wsparcia zobowi\u0105zany jest do wniesienia zabezpieczenia w formie weksla in blanco..\u201d. Z kolei zgodnie z minimalnym zakresem umowy konsorcjum stanowi\u0105cym za\u0142\u0105cznik nr 8 do Regulaminu Lider jest upowa\u017cniony przez pozosta\u0142ych cz\u0142onk\u00f3w konsorcjum m.in. do zawarcia na rzecz i w imieniu w\u0142asnym oraz Konsorcjant\u00f3w umowy z OPI o obj\u0119cie przedsi\u0119wzi\u0119cia wsparciem, a tak\u017ce do po\u015bredniczenia w przekazywaniu cz\u0142onkom konsorcjum \u015brodk\u00f3w finansowych otrzymanych za po\u015brednictwem Jednostki Wspieraj\u0105cej. Tym samym tylko Lider konsorcjum ustanawia zabezpieczenie w zakresie ca\u0142o\u015bci przedsi\u0119wzi\u0119cia na ca\u0142y okres obowi\u0105zywania Umowy, tj. na okres realizacji przedsi\u0119wzi\u0119cia oraz okres utrzymania efekt\u00f3w przedsi\u0119wzi\u0119cia. Wz\u00f3r weksla in blanco wraz z deklaracj\u0105 wekslow\u0105 b\u0119dzie stanowi\u0107 za\u0142\u0105cznik do wzoru umowy o obj\u0119cie przedsi\u0119wzi\u0119cia wsparciem.<\/p>\n\n\n\n<h5 class=\"wp-block-heading\">11. Je\u017celi weksel podpisuje przedstawiciel Lidera, to czy ma uczyni\u0107 to w imieniu w\u0142asnym, czy w imieniu ka\u017cdego z konsorcjant\u00f3w w ten spos\u00f3b, \u017ce ka\u017cdy z konsorcjant\u00f3w b\u0119dzie zobowi\u0105zanym z weksla (w tym przypadku podpisanie weksla musia\u0142oby by\u0107 obj\u0119te zakresem pe\u0142nomocnictwa do dzia\u0142ania w imieniu ka\u017cdego z konsorcjant\u00f3w)?<\/h5>\n\n\n\n<p>Weksel wraz z deklaracj\u0105 wekslow\u0105 podpisuje upowa\u017cniony do wystawienia weksla przedstawiciel Lidera i reprezentuje jednostk\u0119, kt\u00f3ra jest Liderem projektu. Wobec Jednostki Wspieraj\u0105cej zobowi\u0105zany z weksla jest Lider.<\/p>\n\n\n\n<p><\/p>\n\n\n\n<h5 class=\"wp-block-heading\">12. Czy je\u017celi podmiotem zobowi\u0105zanym z weksla ma by\u0107 ka\u017cdy z konsorcjant\u00f3w, to czy mo\u017cliwe jest z\u0142o\u017cenie tego zabezpieczenia w taki spos\u00f3b, \u017ce ka\u017cdy z konsorcjant\u00f3w b\u0119dzie odpowiada\u0142 wekslowo wy\u0142\u0105cznie do kwoty w\u0142asnej cz\u0119\u015bci otrzymanego dofinansowania, a nie do kwoty ca\u0142o\u015bci dofinansowania konsorcjum?<\/h5>\n\n\n\n<p>Weksel wraz z deklaracj\u0105 wekslow\u0105 podpisuje upowa\u017cniony do wystawienia weksla przedstawiciel Lidera i reprezentuje jednostk\u0119, kt\u00f3ra jest Liderem projektu. Wobec Jednostki Wspieraj\u0105cej zobowi\u0105zany z weksla jest Lider.<\/p>\n\n\n\n<h5 class=\"wp-block-heading\">13. Czy w zakresie okresu trwa\u0142o\u015bci projektu s\u0105 przewidziane jakiekolwiek wskazania, a je\u017celi tak, to czy b\u0119d\u0105 one zawarte we wzorze umowy o obj\u0119cie przedsi\u0119wzi\u0119cia wsparciem? Jak b\u0119dzie weryfikowana cz\u0119\u015b\u0107 gospodarcza i niegospodarcza?<\/h5>\n\n\n\n<p>Umowa b\u0119dzie obejmowa\u0142a zagadnienia zwi\u0105zane z utrzymaniem efekt\u00f3w przedsi\u0119wzi\u0119cia w okresie co najmniej 5 lat po zako\u0144czeniu realizacji przedsi\u0119wzi\u0119cia, a tak\u017ce zagadnienia zwi\u0105zane z mechanizmem monitorowania i wycofania obejmuj\u0105cym infrastruktur\u0119 badawcz\u0105 w okresie jej amortyzacji.<br>Zgodnie z&nbsp; pkt 7.3&nbsp; Wytycznych do przygotowania \u201eStudium Wykonalno\u015bci\u201d stanowi\u0105cych za\u0142\u0105cznik nr 7 do Regulaminu, Wnioskodawca przedstawia opis, w jaki spos\u00f3b dokonano podzia\u0142u na cz\u0119\u015b\u0107 przeznaczon\u0105 do wykorzystania gospodarczego i niegospodarczego. Nale\u017cy pami\u0119ta\u0107, \u017ce koszty, finansowanie i przychody dla cz\u0119\u015bci gospodarczej i niegospodarczej przedsi\u0119wzi\u0119cia powinny zosta\u0107 wyra\u017anie rozdzielone w celu unikni\u0119cia subsydiowania skro\u015bnego dzia\u0142alno\u015bci gospodarczej.<br>Ponadto, w tym samym punkcie Wytycznych do przygotowania \u201eStudium Wykonalno\u015bci\u201d znajduj\u0105 si\u0119 m.in. informacje dotycz\u0105ce stosowania mechanizmu monitorowania i wycofania maj\u0105cego na celu monitorowanie przyj\u0119tych proporcji wykorzystania infrastruktury do prowadzenia dzia\u0142alno\u015bci gospodarczej i niegospodarczej, oraz tabela, w kt\u00f3rej Wnioskodawc\u0105 przedstawi za\u0142o\u017cenia, jakie przyj\u0105\u0142 do mechanizmu monitorowania i wycofania.&nbsp; Dodatkowo w pkt.&nbsp; 7.4. Ocena trwa\u0142o\u015bci finansowo-instytucjonalnej przedsi\u0119wzi\u0119cia zosta\u0142y wskazane szczeg\u00f3\u0142owe wytyczne w zakresie przedstawienia planu wykorzystania infrastruktury badawczej w okresie co najmniej 5 lat po zako\u0144czeniu realizacji przedsi\u0119wzi\u0119cia. Zgodnie z tym dokumentem, plan powinien zosta\u0107 przygotowany z uwzgl\u0119dnieniem okresu monitorowania wykorzystania infrastruktury badawczej wynikaj\u0105cego z mechanizmu monitorowania i wycofania, a tak\u017ce realny plan pokrywania koszt\u00f3w utrzymania infrastruktury z przychod\u00f3w innych ni\u017c dotacja celowa lub dotacja podmiotowa z bud\u017cetu pa\u0144stwa, z wykazaniem, \u017ce w zakresie powsta\u0142ej infrastruktury zostan\u0105 utrzymane efekty przedsi\u0119wzi\u0119cia.<\/p>\n\n\n\n<p><\/p>\n\n\n\n<h5 class=\"wp-block-heading\">14. Je\u017celi budynek by\u0142 poddany termomodernizacji finansowanej w ramach \u015brodk\u00f3w POI\u015a, to czy nale\u017cy go traktowa\u0107 jako wsp\u00f3\u0142finansowany ze \u015brodk\u00f3w unijnych?<\/h5>\n\n\n\n<p>Wytyczne do przygotowania Studium Wykonalno\u015bci wskazuj\u0105, \u017ce wk\u0142ad w\u0142asny nie pochodzi ze \u015brodk\u00f3w obj\u0119tych pomoc\u0105 publiczn\u0105.14.<br>Wk\u0142ad w\u0142asny niepieni\u0119\u017cny musi spe\u0142nia\u0107 co najmniej jeden z ni\u017cej wymienionych warunk\u00f3w:<\/p>\n\n\n\n<ul class=\"wp-block-list\">\n<li>nie pochodzi ze \u015brodk\u00f3w publicznych, w tym dotacji\/subwencji z bud\u017cetu pa\u0144stwa i bud\u017cetu jednostek samorz\u0105du terytorialnego, z wy\u0142\u0105czeniem innych przychod\u00f3w jednostek sektora finans\u00f3w publicznych, wolnych od pomocy publicznej i uzyskiwanych zgodnie z przepisami dla nich w\u0142a\u015bciwymi;<\/li>\n\n\n\n<li>w ci\u0105gu 7 lat wstecz (w przypadku nieruchomo\u015bci 10 lat) nie by\u0142 wsp\u00f3\u0142finansowany ze \u015brodk\u00f3w unijnych lub z dotacji krajowych i jednocze\u015bnie zosta\u0142 zamortyzowany;<\/li>\n\n\n\n<li>by\u0142 finansowany ze \u015brodk\u00f3w publicznych przed 12 grudnia 2000 r. (tj. dat\u0105 wydania orzeczenia w sprawie T-128\/98 Aeroports de Paris vs. Comission) i tym samym mo\u017ce stanowi\u0107 wk\u0142ad w\u0142asny w projekcie obj\u0119tym pomoc\u0105 publiczn\u0105.<\/li>\n<\/ul>\n\n\n\n<p>Spe\u0142nienie jednego z ww. warunk\u00f3w o\u015bwiadczaj\u0105 Pa\u0144stwo w za\u0142\u0105czniku \u201eWz\u00f3r o\u015bwiadczenia dotycz\u0105cego wk\u0142adu w\u0142asnego niepieni\u0119\u017cnego\u201d. <br>Maj\u0105c na uwadze powy\u017csze, prosimy o weryfikacj\u0119 Pa\u0144stwa sytuacji pod k\u0105tem spe\u0142nienia jednego z ww. warunk\u00f3w. Jednocze\u015bnie zalecamy sprawdzenie, czy wniesienie wk\u0142adu w\u0142asnego niepieni\u0119\u017cnego w takiej formie nie b\u0119dzie skutkowa\u0142o podw\u00f3jnym finansowaniem. Zgodnie z art. 14la. ust. 7 ustawy wdro\u017ceniowej (tj. Ustawy z 28.04.2022 r. o zasadach realizacji zada\u0144 finansowanych ze \u015brodk\u00f3w europejskich w perspektywie finansowej 2021-2027), podw\u00f3jne finansowanie wyst\u0119puje w&nbsp; przypadku deklarowania do rozliczenia w ramach planu rozwojowego wydatk\u00f3w zadeklarowanych wcze\u015bniej w ramach tego planu lub jako kwalifikowalne w innych programach unijnych.<\/p>\n\n\n\n<p><\/p>\n\n\n\n<h5 class=\"wp-block-heading\">15. Czy planowane jest wyd\u0142u\u017cenie terminu naboru wniosk\u00f3w o dofinansowanie dla: KPO i ZO A2.4.1 Inwestycje w rozbudow\u0119 potencja\u0142u Schemat A: Infrastruktura badawcza \u2013 przedsi\u0119wzi\u0119cia z Polskiej Mapy Infrastruktury Badawczej?<\/h5>\n\n\n\n<p>Zgodnie z Regulaminem, \u00a7 1. Podstawowe informacje o wyborze przedsi\u0119wzi\u0119\u0107 (konkursie) pkt. 5: Wnioski o obj\u0119cie przedsi\u0119wzi\u0119cia wsparciem mo\u017cna sk\u0142ada\u0107 wy\u0142\u0105cznie za po\u015brednictwem aplikacji WOD2021 wchodz\u0105cej w sk\u0142ad systemu CST2021 w terminie od godziny 9:00 w dniu 31 lipca 2023 r. do godziny 16:00 w dniu 31 pa\u017adziernika 2023 r. Obecnie nie jest planowane wyd\u0142u\u017cenie terminu naboru.<\/p>\n\n\n\n<p><\/p>\n\n\n\n<h5 class=\"wp-block-heading\">16. Prosimy o wyja\u015bnienie, czy wk\u0142ad w\u0142asny mo\u017ce by\u0107 w ca\u0142o\u015bci niepieni\u0119\u017cny? Je\u015bli nie, to jaki jest minimalny poziom zaanga\u017cowania pieni\u0119\u017cnego wk\u0142adu w\u0142asnego?<\/h5>\n\n\n\n<p>Ca\u0142kowity wk\u0142ad w\u0142asny to minimum 15% koszt\u00f3w kwalifikowalnych projektu, za\u015b wysoko\u015b\u0107 wymaganego wk\u0142adu w\u0142asnego jest uzale\u017cniona od przyj\u0119tej konstrukcji projektu, w tym m.in. udzia\u0142u cz\u0119\u015bci gospodarczej i niegospodarczej w kosztach kwalifikowalnych. <br>Z uwagi na to, \u017ce projekt jest obj\u0119ty pomoc\u0105 publiczn\u0105, konieczne jest wniesienie wk\u0142adu w\u0142asnego. Wk\u0142ad mo\u017ce by\u0107 wniesiony do projektu w postaci pieni\u0119\u017cnej oraz niepieni\u0119\u017cnej. Regulamin nie przewiduje prog\u00f3w, tj. minimalnej czy maksymalnej wysoko\u015bci ka\u017cdego z nich. Dodatkowo, we wzorze Harmonogramu rzeczowo-finansowego cz\u0119\u015b\u0107 kom\u00f3rek dotycz\u0105ca wk\u0142adu w\u0142asnego zosta\u0142a wype\u0142niona kolorem zielonym, co oznacza, \u017ce w ramach tych kategorii i podkategorii nie jest mo\u017cliwe wniesienie wk\u0142adu.<\/p>\n\n\n\n<p><\/p>\n\n\n\n<h5 class=\"wp-block-heading\">17. Czy Wnioskodawca mo\u017ce z\u0142o\u017cy\u0107 kilka wniosk\u00f3w na r\u00f3\u017cne przedsi\u0119wzi\u0119cia zgodne przedmiotowo z Regulaminem? <\/h5>\n\n\n\n<p>Nie ma ogranicze\u0144 co do sk\u0142adania kilku przedsi\u0119wzi\u0119\u0107 przez jeden podmiot.&nbsp;<\/p>\n\n\n\n<p><\/p>\n\n\n\n<h5 class=\"wp-block-heading\">18. Czy urz\u0105dzenia badawcze wnoszone jako wk\u0142ad w\u0142asny do projektu maj\u0105 by\u0107 wyceniane wed\u0142ug warto\u015bci pocz\u0105tkowej czy po uwzgl\u0119dnieniu amortyzacji?<\/h5>\n\n\n\n<p>Zgodnie z Wytycznymi do przygotowania Studium Wykonalno\u015bci, w przypadku finansowania wk\u0142adu w\u0142asnego (cz\u0119\u015bci wk\u0142adu w\u0142asnego) w formie niepieni\u0119\u017cnej nale\u017cy przedstawi\u0107 aktualn\u0105 wycen\u0119 dokonan\u0105 przez rzeczoznawc\u0119, wraz z dokumentami, w oparciu o kt\u00f3re dokonano wyceny. Nale\u017cy tak\u017ce przedstawi\u0107 szczeg\u00f3\u0142owy opis metodologii przyj\u0119tej do wyliczenia\/wyceny wk\u0142adu w\u0142asnego. Dokumenty powinny stanowi\u0107 za\u0142\u0105cznik do SW (zgodnie z rozdzia\u0142em Analiza finansowa) i pozwoli\u0107 na ocen\u0119 potencjalnej kwalifikowalno\u015bci wk\u0142adu w\u0142asnego, w tym jego warto\u015bci i zasadno\u015bci wniesienia do przedsi\u0119wzi\u0119cia. Wytyczne dotycz\u0105ce wyceny znajduj\u0105 si\u0119 w Przewodniku kwalifikowalno\u015bci wydatk\u00f3w stanowi\u0105cym za\u0142\u0105cznik nr 3 do Regulaminu wyboru przedsi\u0119wzi\u0119\u0107 do obj\u0119cia wsparciem.<\/p>\n\n\n\n<p>Zgodnie z <em>Przewodnikiem kwalifikowalno\u015bci wydatk\u00f3w:<\/em><\/p>\n\n\n\n<ul class=\"wp-block-list\">\n<li>Wk\u0142ad w\u0142asny niepieni\u0119\u017cny podlega ocenie merytorycznej na etapie oceny wniosku o objecie przedsi\u0119wzi\u0119cia wsparciem pod k\u0105tem zasadno\u015bci wniesienia do przedsi\u0119wzi\u0119cia.<\/li>\n\n\n\n<li>Warto\u015b\u0107 wk\u0142adu niepieni\u0119\u017cnego musi zosta\u0107 nale\u017cycie potwierdzona dokumentami o warto\u015bci dowodowej r\u00f3wnowa\u017cnej fakturom lub innym dokumentom.<\/li>\n\n\n\n<li>Wk\u0142ad w\u0142asny niepieni\u0119\u017cny podlega ocenie finansowej pod wzgl\u0119dem prawid\u0142owo\u015bci, rzetelno\u015bci i wiarygodno\u015bci przeprowadzonej wyceny.<\/li>\n<\/ul>\n\n\n\n<p>Wycena wk\u0142adu niepieni\u0119\u017cnego powinna by\u0107 dokonywana przez uprawnionego, niezale\u017cnego rzeczoznawc\u0119.<\/p>\n\n\n\n<p><\/p>\n\n\n\n<h5 class=\"wp-block-heading\">19. Jak definiujemy cz\u0119\u015b\u0107 gospodarcz\u0105 i niegospodarcz\u0105? Gdzie deklarujemy to we wniosku o obj\u0119cie przedsi\u0119wzi\u0119cia wsparciem? Z uwagi na to, \u017ce ka\u017cdy Instytut mo\u017ce inaczej klasyfikowa\u0107 swoj\u0105 dzia\u0142alno\u015b\u0107 gospodarcz\u0105 oraz niegospodarcz\u0105, prosimy o podanie definicji, wg kt\u00f3rej nale\u017cy rozr\u00f3\u017cni\u0107 te dwa poj\u0119cia.<\/h5>\n\n\n\n<p>Zasady ramowe <strong>dotycz\u0105ce pomocy pa\u0144stwa na dzia\u0142alno\u015b\u0107 badawcz\u0105, rozwojow\u0105 i innowacyjn\u0105 (2014\/C 198\/01) <\/strong>wprowadzaj\u0105 rozr\u00f3\u017cnienie na <strong>dzia\u0142alno\u015b\u0107 niegospodarcz\u0105<\/strong> i <strong>dzia\u0142alno\u015b\u0107 gospodarcz\u0105<\/strong> organizacji prowadz\u0105cych badania i szerz\u0105cych wiedz\u0119 oraz infrastruktur badawczych, przy czym wy\u0142\u0105cznie dzia\u0142alno\u015b\u0107 gospodarcza kwalifikuje si\u0119 jako pomoc pa\u0144stwa.<br><strong>Cz\u0119\u015b\u0107 gospodarcza<\/strong> to cz\u0119\u015b\u0107 przedsi\u0119wzi\u0119cia, w ramach kt\u00f3rej infrastruktura jest wykorzystywana na rzecz u\u017cytkownik\u00f3w do ich dzia\u0142alno\u015bci gospodarczej (np. do wynajmu, \u015bwiadczenia us\u0142ug oraz realizacji bada\u0144 kontraktowych, kt\u00f3re odbywaj\u0105 si\u0119 na zasadach rynkowych), sfinansowana zgodnie z przepisami o&nbsp;pomocy publicznej, a tak\u017ce cz\u0119\u015b\u0107 przedsi\u0119wzi\u0119cia dotycz\u0105ca szkole\u0144 zwi\u0105zanych z utworzeniem lub unowocze\u015bnieniem infrastruktury badawczej s\u0142u\u017c\u0105cej wykorzystaniu do prowadzenia dzia\u0142alno\u015bci gospodarczej i sfinansowana zgodnie z przepisami o pomocy publicznej, oraz cz\u0119\u015b\u0107 przedsi\u0119wzi\u0119cia s\u0142u\u017c\u0105ca wspieraniu dzia\u0142a\u0144 zwi\u0105zanych z realizacj\u0105 przedsi\u0119wzi\u0119cia i sfinansowana zgodnie z przepisami o pomocy de minimis.<br>Wykorzystywanie infrastruktury przez u\u017cytkownik\u00f3w w ramach ich dzia\u0142alno\u015bci gospodarczej (niezale\u017cnie, czy jest to przedsi\u0119biorca czy inny u\u017cytkownik) uwzgl\u0119dnia si\u0119 w dzia\u0142alno\u015bci gospodarczej infrastruktury i odbywa si\u0119 po cenie rynkowej.<br><strong>Cz\u0119\u015b\u0107 niegospodarcza<\/strong>&nbsp; oznacza cz\u0119\u015b\u0107 przedsi\u0119wzi\u0119cia sfinansowan\u0105 w 100% ze \u015brodk\u00f3w publicznych, w ramach kt\u00f3rej infrastruktura jest wykorzystywana przez u\u017cytkownik\u00f3w do ich dzia\u0142alno\u015bci niegospodarczej (np. do wynajmu, \u015bwiadczenia us\u0142ug oraz realizacji bada\u0144 kontraktowych), do kt\u00f3rej zaliczamy nast\u0119puj\u0105ce rodzaje dzia\u0142alno\u015bci:<\/p>\n\n\n\n<p>1. zasadnicza dzia\u0142alno\u015b\u0107, w&nbsp;szczeg\u00f3lno\u015bci:<\/p>\n\n\n\n<ul class=\"wp-block-list\">\n<li>kszta\u0142cenie maj\u0105ce na celu zwi\u0119kszanie wyszkolenia zasob\u00f3w ludzkich, tj. edukacja publiczna organizowana w ramach&nbsp; krajowego systemu edukacji,&nbsp; finansowana g\u0142\u00f3wnie lub wy\u0142\u0105cznie przez pa\u0144stwo i&nbsp; nadzorowana przez pa\u0144stwo;<\/li>\n\n\n\n<li>niezale\u017cna dzia\u0142alno\u015b\u0107 badawczo-rozwojowa maj\u0105ca na celu powi\u0119kszanie zasob\u00f3w wiedzy i lepsze zrozumienie, w tym badania i rozw\u00f3j w ramach wsp\u00f3\u0142pracy, kiedy to organizacja prowadz\u0105ca badania lub infrastruktura badawcza podejmuje skuteczn\u0105 wsp\u00f3\u0142prac\u0119;<\/li>\n\n\n\n<li>szerokie rozpowszechnianie wynik\u00f3w bada\u0144 na zasadzie niedyskryminacji i braku wy\u0142\u0105czno\u015bci, np. przez nauczanie, dost\u0119pne bazy danych, otwarte publikacje i&nbsp;otwarte oprogramowanie;<\/li>\n<\/ul>\n\n\n\n<p>2. dzia\u0142ania zwi\u0105zane z transferem wiedzy, je\u017celi s\u0105 one prowadzone przez OOW (w tym przez jego dzia\u0142y lub jednostki zale\u017cne) albo wsp\u00f3lnie z innymi podmiotami tego typu lub w imieniu innych podmiot\u00f3w tego typu, a wszelkie zyski z tych dzia\u0142a\u0144 s\u0105 reinwestowane w zasadnicz\u0105 dzia\u0142alno\u015b\u0107. Zlecenie wykonania odpowiednich us\u0142ug stronom trzecim w drodze procedury otwartej pozostaje bez uszczerbku dla niegospodarczego charakteru takiej dzia\u0142alno\u015bci; a tak\u017ce cz\u0119\u015b\u0107 przedsi\u0119wzi\u0119cia dotycz\u0105ca szkole\u0144 zwi\u0105zanych z utworzeniem lub unowocze\u015bnieniem infrastruktury badawczej oraz s\u0142u\u017c\u0105ca wspieraniu dzia\u0142a\u0144 zwi\u0105zanych z realizacj\u0105 przedsi\u0119wzi\u0119cia, sfinansowane w 100% ze \u015brodk\u00f3w publicznych.<\/p>\n\n\n\n<p>Wykorzystywanie infrastruktury przez u\u017cytkownik\u00f3w w ramach ich dzia\u0142alno\u015bci niegospodarczej uwzgl\u0119dnia si\u0119 w dzia\u0142alno\u015bci niegospodarczej infrastruktury, a op\u0142ata za u\u017cytkowanie powinna odpowiada\u0107 jedynie wysoko\u015bci koszt\u00f3w u\u017cytkowania zwi\u0105zanych z dan\u0105 us\u0142ug\u0105, tj. koszt\u00f3w niesfinansowanych ze \u015brodk\u00f3w publicznych przyznanych infrastrukturze.<br>Realizacja przedsi\u0119wzi\u0119cia obejmuje r\u00f3wnie\u017c obowi\u0105zkowy komponent szkoleniowy, kt\u00f3rego celem jest wzmocnienie kompetencji i umiej\u0119tno\u015bci personelu w zakresie m.in. wykorzystania powstaj\u0105cej infrastruktury badawczej na rzecz przedsi\u0119biorstw i innych zainteresowanych podmiot\u00f3w, komercjalizacji, transferu technologii. Pozytywny wp\u0142yw na zacie\u015bnienie wsp\u00f3\u0142pracy oraz wykorzystanie powsta\u0142ej w ramach przedsi\u0119wzi\u0119cia infrastruktury badawczej powinno mie\u0107 r\u00f3wnie\u017c wsparcie udzielane w ramach pomocy szkoleniowej.<\/p>\n\n\n\n<p><\/p>\n\n\n\n<h5 class=\"wp-block-heading\">20. Czy w ramach dofinansowania z KPO Instytut mo\u017ce wykona\u0107 jedynie przebudow\u0119 lub remont infrastruktury? Czy niemo\u017cliwa jest budowa, rozbudowa, nadbudowa infrastruktury?<\/h5>\n\n\n\n<p>Zgodnie z\u00a7 2 pkt 10 Regulaminu, w zakresie prac budowlanych wsparcie mog\u0105 uzyska\u0107 przedsi\u0119wzi\u0119cia polegaj\u0105ce na przebudowie lub remoncie infrastruktury badawczej w my\u015bl art. 3 ust. 7a oraz 8 ustawy z 7 lipca 1994 r. Prawo budowlane. Natomiast wsparciem nie mog\u0105 zosta\u0107 obj\u0119te przedsi\u0119wzi\u0119cia, kt\u00f3re dotyczy\u0107 b\u0119d\u0105 budowy okre\u015blonej w art. 3 ust. 6 ustawy&nbsp; z dnia 7 lipca 1994 r.&nbsp; Prawo budowlane w zakresie wykonania obiektu budowlanego infrastruktury badawczej lub jego&nbsp; rozbudowy\/odbudowy\/ nadbudowy.<\/p>\n\n\n\n<p><\/p>\n\n\n\n<h5 class=\"wp-block-heading\">21. O jaki numer przedsi\u0119wzi\u0119cia chodzi w tre\u015bci o\u015bwiadczenia dotycz\u0105cego wk\u0142adu niepieni\u0119\u017cnego, tj. &#8222;(&#8230;) niniejszym potwierdzam wniesienie do przedsi\u0119wzi\u0119cia nr \u2026\u2026\u2026\u2026 (nr przedsi\u0119wzi\u0119cia)\u2018\u2019<\/h5>\n\n\n\n<p>Instrukcja wype\u0142niania wniosku o&nbsp;obj\u0119cie przedsi\u0119wzi\u0119cia wsparciem w&nbsp;punkcie Wst\u0119p\/ informacje og\u00f3lne m\u00f3wi, \u017ce&nbsp;na&nbsp;pierwszej stronie wniosku s\u0105&nbsp;pola dotycz\u0105ce numeru wniosku i&nbsp;daty jego z\u0142o\u017cenia. Nie&nbsp;nale\u017cy wype\u0142nia\u0107 tych p\u00f3l ani usuwa\u0107 ich z&nbsp;wniosku. Danemu wnioskowi zostanie nadany unikalny numer, kt\u00f3rym&nbsp;Wnioskodawca b\u0119dzie si\u0119 pos\u0142ugiwa\u0107 w&nbsp;kontaktach z&nbsp;OPI. Z uwagi na ograniczenia systemowo-funkcjonalne aplikacji WOD2021, numer przedsi\u0119wzi\u0119cia pojawi si\u0119 w momencie zmiany statusu wniosku (ze statusu: w przygotowaniu na status: przes\u0142any).<\/p>\n\n\n\n<p>W zwi\u0105zku z powy\u017cszym prosimy poda\u0107 w o\u015bwiadczeniu numer naboru i nazw\u0119 przedsi\u0119wzi\u0119cia.<\/p>\n\n\n\n<p>.&nbsp;<\/p>\n\n\n\n<h5 class=\"wp-block-heading\">22. Czy wk\u0142ad w\u0142asny niematerialny w projekt mo\u017ce by\u0107 wykazany w postaci grunt\u00f3w? Jak taki wk\u0142ad wykazywa\u0107 &#8211; odpisem?<\/h5>\n\n\n\n<h5 class=\"wp-block-heading has-normal-font-size\">oraz<\/h5>\n\n\n\n<h5 class=\"wp-block-heading\">23. Czy wk\u0142adem w\u0142asnym mo\u017ce by\u0107 cz\u0119\u015b\u0107 nieruchomo\u015bci zabudowanej? Je\u015bli tak, jak nale\u017cy wyceni\u0107 warto\u015b\u0107 wk\u0142adu? Czy mo\u017cliwy jest operat szacunkowy cz\u0119\u015bci nieruchomo\u015bci?<\/h5>\n\n\n\n<p>W Regulaminie, \u00a7 2 ust. 9, wskazane jest, \u017ce wk\u0142ad w\u0142asny mo\u017ce by\u0107 wk\u0142adem rzeczowym (niepieni\u0119\u017cnym) w postaci nieruchomo\u015bci (grunty, budynki), aparatury naukowo-badawczej oraz warto\u015bci niematerialnych i prawnych. Wniesienie wk\u0142adu rzeczowego jest mo\u017cliwe wy\u0142\u0105cznie w ramach koszt\u00f3w infrastruktury badawczej obj\u0119tej pomoc\u0105 wynikaj\u0105c\u0105 z art. 26 Rozporz\u0105dzenia 651\/2014 (pomoc inwestycyjna na infrastruktur\u0119 badawcz\u0105).<\/p>\n\n\n\n<p>Tym samym w Przewodniku kwalifikowalno\u015bci wydatk\u00f3w wskazane jest, \u017ce wk\u0142ad w\u0142asny niepieni\u0119\u017cny podlega ocenie finansowej pod wzgl\u0119dem prawid\u0142owo\u015bci, rzetelno\u015bci i wiarygodno\u015bci przeprowadzonej wyceny. Wycena wk\u0142adu niepieni\u0119\u017cnego powinna by\u0107 dokonywana przez uprawnionego, niezale\u017cnego rzeczoznawc\u0119. W przypadku nieruchomo\u015bci jej warto\u015b\u0107 rynkowa jest potwierdzana operatem szacunkowym sporz\u0105dzonym przez rzeczoznawc\u0119 zgodnie z przepisami ustawy z 21 sierpnia 1997 r. o gospodarce nieruchomo\u015bciami (Dz.U. z 2023 r. poz. 344, z p\u00f3\u017an. zm.).<\/p>\n\n\n\n<p>Je\u017celi wk\u0142adem niepieni\u0119\u017cnym nie jest ca\u0142a nieruchomo\u015b\u0107, a jedynie jej cz\u0119\u015b\u0107 (na przyk\u0142ad tylko pomieszczenia), operat szacunkowy nie jest wymagany \u2013 w takim przypadku warto\u015b\u0107 wk\u0142adu wycenia si\u0119 jako koszt amortyzacji lub wynajmu (np. w oparciu o cennik danej instytucji).<\/p>\n\n\n\n<p>Prosimy pami\u0119ta\u0107, \u017ce wk\u0142ad w\u0142asny niepieni\u0119\u017cny musi spe\u0142nia\u0107 co najmniej jeden z ni\u017cej wymienionych warunk\u00f3w:<\/p>\n\n\n\n<div class=\"wp-block-group is-vertical is-layout-flex wp-container-core-group-is-layout-8cf370e7 wp-block-group-is-layout-flex\">\n<ul class=\"wp-block-list\">\n<li>nie pochodzi ze \u015brodk\u00f3w publicznych, w tym dotacji\/subwencji z bud\u017cetu pa\u0144stwa i bud\u017cetu jednostek samorz\u0105du terytorialnego, z wy\u0142\u0105czeniem innych przychod\u00f3w jednostek sektora finans\u00f3w publicznych, wolnych od pomocy publicznej uzyskiwanych zgodnie z przepisami dla nich w\u0142a\u015bciwymi;<\/li>\n\n\n\n<li>w ci\u0105gu 7 lat wstecz (w przypadku nieruchomo\u015bci 10 lat) nie by\u0142 wsp\u00f3\u0142finansowany ze \u015brodk\u00f3w unijnych lub z dotacji krajowych i jednocze\u015bnie zosta\u0142 zamortyzowany;<\/li>\n\n\n\n<li>by\u0142 finansowany ze \u015brodk\u00f3w publicznych przed 12 grudnia 2000 r. (tj. dat\u0105 wydania orzeczenia w sprawie T-128\/98 Aeroports de Paris v Comission) i tym samym mo\u017ce stanowi\u0107 wk\u0142ad w\u0142asny w projekcie obj\u0119tym pomoc\u0105 publiczn\u0105.<\/li>\n<\/ul>\n<\/div>\n\n\n\n<p>Spe\u0142nienie jednego z ww. warunk\u00f3w o\u015bwiadczaj\u0105 Pa\u0144stwo w za\u0142\u0105czniku \u201eWz\u00f3r o\u015bwiadczenia dotycz\u0105cego wk\u0142adu w\u0142asnego niepieni\u0119\u017cnego\u201d.<\/p>\n\n\n\n<h5 class=\"wp-block-heading\">24. Jak ma wygl\u0105da\u0107 za\u0142\u0105cznik do wniosku pn. Tajemnica przedsi\u0119biorstwa?<\/h5>\n\n\n\n<p>Nie ma oficjalnego wzoru za\u0142\u0105cznika nr 14 \u201eTajemnica przedsi\u0119biorstwa w rozumieniu przepis\u00f3w ustawy z dnia 16 kwietnia 1993 r. o zwalczaniu nieuczciwej konkurencji (Dz.U. z 2022 r., poz. 1233)\u201d. Obszerno\u015b\u0107 analizy nie zosta\u0142a okre\u015blona &#8211; kluczowe jest, aby wszelkie wymagane elementy wykazane w Instrukcji przygotowania za\u0142\u0105cznik\u00f3w do wniosku o obj\u0119cie przedsi\u0119wzi\u0119cia wsparciem zosta\u0142y uwzgl\u0119dnione w wyczerpuj\u0105cy spos\u00f3b.<\/p>\n\n\n\n<p>Instrukcja wskazuje, \u017ce dokumenty, w kt\u00f3rych wyst\u0119puj\u0105 informacje stanowi\u0105ce tajemnic\u0119 przedsi\u0119biorstwa, powinny zosta\u0107 przedstawione w ramach wniosku po raz drugi w tre\u015bci za\u0142\u0105cznika nr 14 wraz z zaznaczonymi (zastrze\u017conymi) fragmentami w zakresie stanowi\u0105cym tajemnic\u0119 przedsi\u0119biorstwa. Dodatkowo, w oparciu o przes\u0142anki wynikaj\u0105ce z ustawy, nale\u017cy przedstawi\u0107 uzasadnienie wprowadzonego zastrze\u017cenia.<\/p>\n\n\n\n<h5 class=\"wp-block-heading\">25. Jak udokumentowa\u0107 wska\u017aniki dotycz\u0105ce cz\u0119\u015bci gospodarczej i niegospodarczej?<\/h5>\n\n\n\n<p>Spos\u00f3b okre\u015blenia wska\u017anika wydajno\u015bci infrastruktury powinien by\u0107 dopasowany do specyfiki danej infrastruktury. Przyj\u0119te wska\u017aniki monitorowania powinny oddawa\u0107 charakter i spos\u00f3b wykorzystania infrastruktury badawczej i stanowi\u0105 podstaw\u0119 jej monitorowania w zakresie dzia\u0142alno\u015bci badawczej gospodarczej i niegospodarczej (np. czas, powierzchnia itp.).<\/p>\n\n\n\n<p>Monitorowanie odbywa si\u0119 w cyklach rocznych na podstawie wybranych wska\u017anik\u00f3w, z&nbsp;wykorzystaniem dokumentacji finansowo-ksi\u0119gowej oraz innych dokument\u00f3w (np. wydruk\u00f3w rejestruj\u0105cych czas wykorzystania urz\u0105dze\u0144), kt\u00f3re potwierdzaj\u0105 proporcje wykorzystania infrastruktury do prowadzenia dzia\u0142alno\u015bci gospodarczej i niegospodarczej.<\/p>\n\n\n\n<h5 class=\"wp-block-heading\">26. Czy wk\u0142ad w\u0142asny niepieni\u0119\u017cny w postaci warto\u015bci cz\u0119\u015bci nieruchomo\u015bci, w kt\u00f3rej b\u0119dzie zlokalizowana inwestycja, stanowi\u0105cy do 10% warto\u015bci koszt\u00f3w kwalifikowanych przedsi\u0119wzi\u0119cia jest rozliczany w cz\u0119\u015bci gospodarczej i wliczany jest do 50% cz\u0119\u015bci stanowi\u0105cej wk\u0142ad instytucji w inwestycj\u0119?<\/h5>\n\n\n\n<p>Zgodnie ze wzorem Harmonogramu rzeczowo-finansowego, wk\u0142ad w\u0142asny jest wnoszony w koszty kwalifikowalne cz\u0119\u015bci gospodarczej i w tej cz\u0119\u015bci b\u0119dzie rozliczany. Je\u015bli wnoszony wk\u0142ad b\u0119dzie stanowi\u0142 10% ca\u0142kowitych koszt\u00f3w kwalifikowalnych na poziomie projektu, to jednocze\u015bnie jego koszt b\u0119dzie wliczany do 50% koszt\u00f3w kwalifikowalnych cz\u0119\u015bci gospodarczej w zakresie infrastruktury badawczej.&nbsp;<\/p>\n\n\n\n<p>Dodatkowo, prosimy zwr\u00f3ci\u0107 uwag\u0119 na metod\u0119 obliczania limitu dla nabywanej nieruchomo\u015bci. Zgodnie z Przewodnikiem kwalifikowalno\u015bci wydatk\u00f3w, &nbsp;\u0142\u0105czna kwota wydatk\u00f3w kwalifikowalnych zwi\u0105zanych bezpo\u015brednio z nabyciem nieruchomo\u015bci zabudowanej nie mo\u017ce przekroczy\u0107 10% ca\u0142kowitych bezpo\u015brednich koszt\u00f3w kwalifikowalnych przedsi\u0119wzi\u0119cia. W Przewodniku (str. 23) zosta\u0142 podany szczeg\u00f3\u0142owy spos\u00f3b obliczenia kosztu kwalifikowalnego w przypadku nieruchomo\u015bci.&nbsp;&nbsp;&nbsp;<\/p>\n\n\n\n<h5 class=\"wp-block-heading\">27. Czy mo\u017cna nie wnosi\u0107 wk\u0142adu w\u0142asnego pieni\u0119\u017cnego przy zakupach aparatury i WNiP, i wykaza\u0107 tam jedynie wk\u0142ad niepieni\u0119\u017cny?<\/h5>\n\n\n\n<p>Zgodnie z Przewodnikiem kwalifikowalno\u015bci wydatk\u00f3w, w zakresie infrastruktury badawczej wk\u0142ad w\u0142asny mo\u017ce by\u0107 wniesiony w formie pieni\u0119\u017cnej i\/ lub niepieni\u0119\u017cnej. Natomiast wniesienie wk\u0142adu jedynie w formie finansowej wymagane jest w cz\u0119\u015bci przedsi\u0119wzi\u0119cia obj\u0119tej pomoc\u0105 szkoleniow\u0105. Dodatkowo, we wzorze Harmonogramu rzeczowo-finansowego cz\u0119\u015b\u0107 kom\u00f3rek dotycz\u0105ca wk\u0142adu w\u0142asnego pieni\u0119\u017cnego i niepieni\u0119\u017cnego zosta\u0142a wype\u0142niona kolorem zielonym, co oznacza, \u017ce w ramach tych kategorii i podkategorii nie jest mo\u017cliwe wniesienie wk\u0142adu pieni\u0119\u017cnego b\u0105d\u017a niepieni\u0119\u017cnego.<\/p>\n\n\n\n<h5 class=\"wp-block-heading\">28. Czy mo\u017cna przyj\u0105\u0107 r\u00f3\u017cne stawki koszt\u00f3w po\u015brednich dla cz\u0119\u015bci gospodarczej i niegospodarczej? Np. dla cz\u0119\u015bci niegospodarczej 7% a dla gospodarczej 3,5%?<\/h5>\n\n\n\n<p>Zgodnie z zapisami Przewodnika kwalifikowalno\u015bci wydatk\u00f3w, w cz\u0119\u015bci gospodarczej przedsi\u0119wzi\u0119cia koszty po\u015brednie nale\u017cy wykaza\u0107 w kosztach kwalifikowalnych przedsi\u0119wzi\u0119cia jedynie w przypadku dost\u0119pnego limitu pomocy de minimis, ale w kwocie nieprzekraczaj\u0105cej 7% koszt\u00f3w bezpo\u015brednich tej cz\u0119\u015bci koszt\u00f3w kwalifikowalnych przedsi\u0119wzi\u0119cia.<\/p>\n\n\n\n<p>W cz\u0119\u015bci niegospodarczej koszty po\u015brednie nie mog\u0105 przekroczy\u0107 7% koszt\u00f3w bezpo\u015brednich tej cz\u0119\u015bci koszt\u00f3w kwalifikowalnych przedsi\u0119wzi\u0119cia. Koszty rozliczone metod\u0105 rycza\u0142tow\u0105 s\u0105 traktowane jako wydatki poniesione.<\/p>\n\n\n\n<p>Zatem Przewodnik kwalifikowalno\u015bci wydatk\u00f3w okre\u015bla wy\u0142\u0105cznie maksymalne warto\u015bci procentowe dla koszt\u00f3w po\u015brednich.<\/p>\n\n\n\n<h5 class=\"wp-block-heading\">29. Obecnie na stronie konkursu nie ma za\u0142\u0105cznika nr 11 Formularz \u201eAnaliza zgodno\u015bci przedsi\u0119wzi\u0119cia z polityk\u0105 ochrony \u015brodowiska\u201d. Czy zostanie udost\u0119pniony?<\/h5>\n\n\n\n<p>Formularz \u201eAnaliza zgodno\u015bci projektu z polityk\u0105 ochrony \u015brodowiska\u201d stanowi za\u0142\u0105cznik do umowy o obj\u0119cie przedsi\u0119wzi\u0119cia wsparciem, kt\u00f3ry w najbli\u017cszym czasie b\u0119dzie dost\u0119pny na stronie internetowej OPI.&nbsp;<\/p>\n\n\n\n<h5 class=\"wp-block-heading\">30. Z dokumentacji konkursowej nie wynika ograniczenie kwalifikowalno\u015bci prac budowlanych do remontu\/ przebudowy (art. 3 ust. 7a oraz 8), zatem co z przy\u0142\u0105czami, kt\u00f3re musz\u0105 by\u0107 wybudowane jako niezb\u0119dne do uruchomienia infrastruktury?<\/h5>\n\n\n\n<p>W \u00a7 2 ust. 10 Regulaminu wskazane jest, \u017ce w zakresie prac budowlanych wsparcie mog\u0105 uzyska\u0107 przedsi\u0119wzi\u0119cia obejmuj\u0105ce przebudow\u0119 lub remont istniej\u0105cych obiekt\u00f3w infrastruktury badawczej.<\/p>\n\n\n\n<p>Wsparcie mog\u0105 wi\u0119c uzyska\u0107 przedsi\u0119wzi\u0119cia polegaj\u0105ce na przebudowie lub remoncie infrastruktury badawczej w my\u015bl art. 3 ust. 7a oraz 8 ustawy z 7 lipca 1994 r. &#8211; Prawo budowlane. Natomiast wsparciem nie mog\u0105 by\u0107 obj\u0119te przedsi\u0119wzi\u0119cia, kt\u00f3re dotyczy\u0107 b\u0119d\u0105 budowy okre\u015blonej w art. 3 ust. 6 ustawy Prawo budowlane w zakresie wykonania obiektu budowlanego infrastruktury badawczej lub jego rozbudowy\/ odbudowy\/ nadbudowy.<\/p>\n\n\n\n<h5 class=\"wp-block-heading\">31. Jakie koszty mo\u017cemy ponie\u015b\u0107 w ramach dzia\u0142a\u0144 komunikacyjnych i informacyjnych? Czy b\u0119d\u0105 kosztem kwalifikowanym: us\u0142ugi zewn\u0119trzne zwi\u0105zane z realizacj\u0105 kampanii promocyjnej w mediach spo\u0142eczno\u015bciowych; wykupienie promocji post\u00f3w na mediach spo\u0142eczno\u015bciowych; promowanie si\u0119 na wydarzeniach networkingowych, konferencjach, targach biotech? Je\u015bli tak, jakie rodzaje koszt\u00f3w s\u0105 dopuszczalne?<\/h5>\n\n\n\n<p><strong>1)<\/strong> eksponowa\u0107 \u017ar\u00f3d\u0142o finansowania przedsi\u0119wzi\u0119cia m.in. przez w\u0142a\u015bciwe oznaczanie przedsi\u0119wzi\u0119cia oraz zwi\u0105zanych z nim materia\u0142\u00f3w, dokument\u00f3w, produkt\u00f3w i innych efekt\u00f3w realizacji i promocji przedsi\u0119wzi\u0119cia zgodnie z przekazanymi zasadami, w tym:<\/p>\n\n\n\n<p>a) wszelkie dzia\u0142ania informacyjne i promocyjne na temat przedsi\u0119wzi\u0119\u0107 KPO m. in. ulotki, broszury, publikacje, noty prasowe, konferencje prasowe, robocze spotkania z pras\u0105, strony internetowe, newslettery, mailing, stopki wiadomo\u015bci e-mail, materia\u0142y audiowizualne, spotkania, konferencje, wyst\u0105pienia publiczne itp.,<\/p>\n\n\n\n<p>b) dokumentacj\u0119 dotycz\u0105c\u0105 KPO i przedsi\u0119wzi\u0119\u0107,<\/p>\n\n\n\n<p>c) miejsce realizacji przedsi\u0119wzi\u0119cia,<\/p>\n\n\n\n<p>d) wszystkie inne produkty b\u0119d\u0105ce wynikiem realizowanego przedsi\u0119wzi\u0119cia zar\u00f3wno w formie materialnej, jak i niematerialnej;<\/p>\n\n\n\n<p><strong>2)<\/strong> umie\u015bci\u0107 opis realizowanego przedsi\u0119wzi\u0119cia na swojej stronie internetowej (je\u015bli posiadaj\u0105) i na profilach w mediach spo\u0142eczno\u015bciowych (je\u015bli posiadaj\u0105);<\/p>\n\n\n\n<p><strong>3)<\/strong> umie\u015bci\u0107 w miejscu realizacji przedsi\u0119wzi\u0119cia plakaty lub tablice informacyjne z w\u0142a\u015bciwym oznaczeniem przedsi\u0119wzi\u0119cia;<\/p>\n\n\n\n<p><strong>4)<\/strong> dostarcza\u0107 ukierunkowane informacje o przedsi\u0119wzi\u0119ciu r\u00f3\u017cnym grupom odbiorc\u00f3w, w tym mediom i opinii publicznej, poprzez dzia\u0142ania PR, wsp\u00f3\u0142prac\u0119 z mediami, instytucjami zaanga\u017cowanymi, partnerami spo\u0142ecznymi i gospodarczymi.<\/p>\n\n\n\n<p>Ostateczni odbiorcy wsparcia mog\u0105 tak\u017ce realizowa\u0107 dodatkowe dzia\u0142ania informacyjno-promocyjne, je\u015bli przyczyniaj\u0105 si\u0119 one do zwi\u0119kszenia efektywno\u015bci realizowanych przedsi\u0119wzi\u0119\u0107 i zwi\u0119kszania \u015bwiadomo\u015bci na temat wsparcia p\u0142yn\u0105cego z KPO.<\/p>\n\n\n\n<p>Dzia\u0142ania informacyjne i promocyjne w ramach przedsi\u0119wzi\u0119cia mog\u0105 by\u0107 finansowane ze \u015brodk\u00f3w KPO. Zgodnie z Przewodnikiem kwalifikowalno\u015bci wydatk\u00f3w koszty promocji przedsi\u0119wzi\u0119cia s\u0105 kwalifikowalne w ramach pomocy de minimis w cz\u0119\u015bci gospodarczej przedsi\u0119wzi\u0119cia w kategorii koszt\u00f3w: us\u0142ugi zewn\u0119trzne. Prosimy pami\u0119ta\u0107, \u017ce w ramach koszt\u00f3w promocji przedsi\u0119wzi\u0119cia kwalifikowalna jest warto\u015b\u0107 wydatk\u00f3w do 1% koszt\u00f3w kwalifikowalnych przedsi\u0119wzi\u0119cia.<\/p>\n\n\n\n<p><\/p>\n\n\n\n<h5 class=\"wp-block-heading\">32. W jaki spos\u00f3b mamy zabud\u017cetowa\u0107 dzia\u0142ania informacyjne i promocyjne, skoro w HRF nie mo\u017cna wpisa\u0107 wk\u0142adu w\u0142asnego w cz\u0119\u015bci gospodarczej &#8211; mo\u017cliwe jest jedynie wpisanie kwot w cz\u0119\u015bci niegospodarczej i w pomocy de minimis\u2026?<\/h5>\n\n\n\n<p>Koszty dzia\u0142a\u0144 informacyjnych i promocyjnych obj\u0119te s\u0105 pomoc\u0105 de minimis. W cz\u0119\u015bci gospodarczej przedsi\u0119wzi\u0119cia intensywno\u015b\u0107 pomocy de minimis wynosi maksymalnie 100% koszt\u00f3w kwalifikowalnych. W zwi\u0105zku z powy\u017cszym, w ramach tej kategorii wydatk\u00f3w nie wymaga si\u0119 wnoszenia wk\u0142adu w\u0142asnego.<\/p>\n\n\n\n<p>We wzorze Harmonogramu rzeczowo-finansowego cz\u0119\u015b\u0107 kom\u00f3rek dotycz\u0105ca wk\u0142adu w\u0142asnego pieni\u0119\u017cnego i niepieni\u0119\u017cnego zosta\u0142a wype\u0142niona kolorem zielonym, co oznacza, \u017ce w ramach tych kategorii i podkategorii nie jest mo\u017cliwe wniesienie wk\u0142adu pieni\u0119\u017cnego b\u0105d\u017a niepieni\u0119\u017cnego.<\/p>\n\n\n\n<h5 class=\"wp-block-heading\">33. Czy mo\u017cna prosi\u0107 o link do dokumentu \u201eWytyczne dot. Zagadnie\u0144 zwi\u0105zanych z przygotowaniem projekt\u00f3w inwestycyjnych\u2026 (MFiPR\/2021-2027\u2026)?<\/h5>\n\n\n\n<p>Dokument jest dost\u0119pny na Portalu Funduszy Europejskich w zak\u0142adce \u201eO funduszach\u201d pod adresem &#8211;&nbsp; <a rel=\"noreferrer noopener\" href=\"https:\/\/www.funduszeeuropejskie.gov.pl\/strony\/o-funduszach\/fundusze-na-lata-2021-2027\/prawo-i-dokumenty\/wytyczne\/wytyczne-dotyczace-zagadnien-zwiazanych-z-przygotowaniem-projektow-inwestycyjnych-w-tym-hybrydowych-na-lata-2021-2027\/\" target=\"_blank\" class=\"external\">Wytyczne dotycz\u0105ce zagadnie\u0144 zwi\u0105zanych z przygotowaniem projekt\u00f3w inwestycyjnych, w tym hybrydowych na lata 2021-2027 &#8211; Ministerstwo Funduszy i Polityki Regionalnej (funduszeeuropejskie.gov.pl)<\/a>.&nbsp;<\/p>\n\n\n\n<h5 class=\"wp-block-heading\">34. Czy mo\u017cna zastosowa\u0107 r\u00f3\u017cn\u0105 stawk\u0119 koszt\u00f3w po\u015brednich w cz\u0119\u015bci niegospodarczej i gospodarczej, przy czym w ka\u017cdej z tych cz\u0119\u015bci koszty po\u015brednie nie przekrocz\u0105 dopuszczalnego limitu 7% od odpowiednich kategorii projektu?<\/h5>\n\n\n\n<p>Zgodnie z zapisami Przewodnika kwalifikowalno\u015bci wydatk\u00f3w, w cz\u0119\u015bci gospodarczej przedsi\u0119wzi\u0119cia koszty po\u015brednie nale\u017cy wykaza\u0107 w kosztach kwalifikowalnych przedsi\u0119wzi\u0119cia jedynie w przypadku dost\u0119pnego limitu pomocy de minimis, ale w kwocie nieprzekraczaj\u0105cej 7% koszt\u00f3w bezpo\u015brednich tej cz\u0119\u015bci koszt\u00f3w kwalifikowalnych przedsi\u0119wzi\u0119cia.<\/p>\n\n\n\n<p>W cz\u0119\u015bci niegospodarczej koszty po\u015brednie nie mog\u0105 przekroczy\u0107 7% koszt\u00f3w bezpo\u015brednich tej cz\u0119\u015bci koszt\u00f3w kwalifikowalnych przedsi\u0119wzi\u0119cia. Koszty rozliczone metod\u0105 rycza\u0142tow\u0105 s\u0105 traktowane jako wydatki poniesione.<\/p>\n\n\n\n<p>Zatem Przewodnik kwalifikowalno\u015bci wydatk\u00f3w okre\u015bla wy\u0142\u0105cznie maksymalne warto\u015bci procentowych dla koszt\u00f3w po\u015brednich.<\/p>\n\n\n\n<h5 class=\"wp-block-heading\">35. Czy istnieje mo\u017cliwo\u015b\u0107 umieszczenia rysunk\u00f3w we wniosku w polach opisu projektu, zadania?<\/h5>\n\n\n\n<p>Wniosek w aplikacji WOD2021 stanowi cz\u0119\u015b\u0107 sta\u0142\u0105, kt\u00f3r\u0105 nale\u017cy wype\u0142ni\u0107 zgodnie ze wskazaniami dokumentacji konkursowej (Instrukcja wype\u0142niania wniosku o obj\u0119cie przedsi\u0119wzi\u0119cia wsparciem).<\/p>\n\n\n\n<p>Natomiast informacje i rysunki dotycz\u0105ce opisu projektu i zada\u0144 proponujemy umie\u015bci\u0107 w Studium Wykonalno\u015bci (zgodnie z Instrukcj\u0105 przygotowania za\u0142\u0105cznik\u00f3w do wniosku o obj\u0119cie przedsi\u0119wzi\u0119cia wsparciem, wytyczne do Studium Wykonalno\u015bci).<\/p>\n\n\n\n<h5 class=\"wp-block-heading\">36. Zgodnie z Instrukcj\u0105 przygotowania za\u0142\u0105cznik\u00f3w do wniosku, nale\u017cy za\u0142\u0105czy\u0107 Strategi\u0119 rozwoju C\u0141\/ SB\u0141 lub inny dokument o charakterze planistycznym. Czy oznacza to, \u017ce nale\u017cy za\u0142\u0105czy\u0107 dokument opracowany przez Centrum \u0141ukasiewicz, czy dokument opracowany przez wnioskodawc\u0119?<\/h5>\n\n\n\n<p>Zgodnie z Instrukcj\u0105 przygotowania za\u0142\u0105cznik\u00f3w do wniosku o obj\u0119cie przedsi\u0119wzi\u0119cia wsparciem, za\u0142\u0105cznik nr 5 opracowuje Wnioskodawca. Dokument nale\u017cy do\u0142\u0105czy\u0107 w formieskan\u00f3w dokumentu lub fragment\u00f3w dokumentu, po\u015bwiadczonych za zgodno\u015b\u0107 z orygina\u0142em. Ponadto, je\u017celi dokument nie zawiera wymaganych danych, to C\u0141\/ SB\u0141 powinien dostosowa\u0107 ten dokument do wymog\u00f3w naboru lub opracowa\u0107 r\u00f3wnorz\u0119dny dokument zawieraj\u0105cy wymagane elementy, np. w sprawie inwestycji planowanych na kolejne lata. Dokumenty powinny odnosi\u0107 si\u0119 do cel\u00f3w przedsi\u0119wzi\u0119cia i kierunk\u00f3w rozwoju C\u0141\/ SB\u0141. W dokumentacji Wnioskodawca powinien wykaza\u0107, \u017ce opisane przedsi\u0119wzi\u0119cie nie jest dzia\u0142aniem o charakterze pojedynczym, a stanowi element przemy\u015blanej polityki rozwoju. Wymagane jest przedstawienie strategii rozwoju szczeg\u00f3lnie w zakresie infrastruktury badawczej. Dokument powinien by\u0107 zatwierdzony przez podmiot upowa\u017cniony.<\/p>\n\n\n\n<h5 class=\"wp-block-heading\">37. Czy w ramach kryterium nr 19 \u2013 \u201eCzy infrastruktura B+R planowana w ramach przedsi\u0119wzi\u0119cia nie powiela istniej\u0105cej infrastruktury\u201d, nale\u017cy wykaza\u0107 istniej\u0105c\u0105 infrastruktur\u0119 nale\u017c\u0105c\u0105 do Wnioskodawcy, czy te\u017c w og\u00f3le infrastruktur\u0119 istniej\u0105c\u0105 w Polsce? Je\u017celi w Polsce, to gdzie taka baza jest dost\u0119pna w celach por\u00f3wnawczych?<\/h5>\n\n\n\n<p>Zgodnie z Wytycznymi do przygotowania Studium Wykonalno\u015bci, pkt. 2.4. Powi\u0105zania przedsi\u0119wzi\u0119cia z istniej\u0105c\u0105 w Polsce infrastruktur\u0105 B+R, we wniosku nale\u017cy opisa\u0107 powi\u0105zania infrastruktury badawczej planowanej do realizacji w ramach przedsi\u0119wzi\u0119cia z ju\u017c istniej\u0105c\u0105 infrastruktur\u0105 w Polsce, w szczeg\u00f3lno\u015bci sfinansowan\u0105 w latach 2007-2013 oraz 2014-2020.&nbsp; Ponadto nale\u017cy okre\u015bli\u0107, czy planowana w ramach przedsi\u0119wzi\u0119cia infrastruktura B+R stanowi uzupe\u0142nienie ju\u017c istniej\u0105cej i wykaza\u0107, \u017ce jej nie powiela. Aspekt ten b\u0119dzie oceniany, jak zosta\u0142o wskazane w kryterium szczeg\u00f3\u0142owym nr 19:<\/p>\n\n\n\n<p>\u201eInfrastruktura B+R planowana w ramach przedsi\u0119wzi\u0119cia mo\u017ce stanowi\u0107 uzupe\u0142nienie istniej\u0105cej infrastruktury badawczo-rozwojowej, jednak nie mo\u017ce powiela\u0107 istniej\u0105cych zasob\u00f3w. W tym celu wyka\u017c por\u00f3wnywalne przedsi\u0119wzi\u0119cia z zakresu B+R, infrastrukturalne lub zrealizowane przy udziale innych \u015brodk\u00f3w publicznych. Dodatkowo, zamie\u015b\u0107 kr\u00f3tki opis tych powi\u0105za\u0144 wraz z wymienionym tytu\u0142em i dat\u0105 realizacji powi\u0105zanych przedsi\u0119wzi\u0119\u0107.\u201d<\/p>\n\n\n\n<p>Uprzejmie informujemy, \u017ce na Wnioskodawcy ubiegaj\u0105cym si\u0119 o wsparcie w ramach konkursu spoczywa obowi\u0105zek przygotowania wniosku i dokonania analizy, czy infrastruktura planowana w projekcie nie powiela ju\u017c istniej\u0105cej infrastruktury B+R.<\/p>\n\n\n\n<h5 class=\"wp-block-heading\">38. Czy dokumentacja konkursowa nie podaje okre\u015blonego minimum procentowego dla zaplanowania komponentu szkoleniowego w ramach dzia\u0142alno\u015bci gospodarczej?<\/h5>\n\n\n\n<p>W Regulaminie zosta\u0142 okre\u015blony wy\u0142\u0105cznie minimalny pr\u00f3g koszt\u00f3w kwalifikowalnych w cz\u0119\u015bci gospodarczej, kt\u00f3ry stanowi 30% ca\u0142kowitych koszt\u00f3w kwalifikowalnych przedsi\u0119wzi\u0119cia. Jednocze\u015bnie w Regulaminie wskazano, \u017ce cz\u0119\u015b\u0107 przedsi\u0119wzi\u0119cia dotycz\u0105ca koszt\u00f3w kwalifikowalnych infrastruktury badawczej przeznaczona do wykorzystania gospodarczego i tym samym obj\u0119ta pomoc\u0105 publiczn\u0105, o kt\u00f3rej mowa w art. 26 Rozporz\u0105dzenia 651\/2014 (Pomoc inwestycyjna na infrastruktur\u0119 badawcz\u0105), jest nie mniejsza ni\u017c 25% warto\u015bci koszt\u00f3w kwalifikowalnych.<\/p>\n\n\n\n<h5 class=\"wp-block-heading\">39. Czy w my\u015bl Przewodnika kwalifikowalno\u015bci koszt\u00f3w, str. 23, nie s\u0105 kwalifikowalne koszty zakwaterowania dla os\u00f3b w pe\u0142ni sprawnych, lecz kwalifikowalne s\u0105 tego rodzaju koszty jedynie w przypadku os\u00f3b niepe\u0142nosprawnych?<\/h5>\n\n\n\n<p>Postanowienia zawarte w <em>Przewodniku kwalifikowalno\u015bci wydatk\u00f3w<\/em> dotycz\u0105ce koszt\u00f3w szkole\u0144 zosta\u0142y oparte na art. 31, pkt 3 Rozporz\u0105dzenia 651\/2014 (pomoc szkoleniowa), zgodnie z kt\u00f3rym za koszty kwalifikowalne uznaje si\u0119: (\u2026)koszty operacyjne wyk\u0142adowc\u00f3w i uczestnik\u00f3w szkolenia bezpo\u015brednio zwi\u0105zane z projektem szkoleniowym, takie jak koszty podr\u00f3\u017cy, materia\u0142y bezpo\u015brednio zwi\u0105zane z projektem, amortyzacja narz\u0119dzi i wyposa\u017cenia w zakresie, w jakim s\u0105 wykorzystywane wy\u0142\u0105cznie na potrzeby projektu szkoleniowego. Do koszt\u00f3w kwalifikowalnych nie zalicza si\u0119 koszt\u00f3w zakwaterowania, z wyj\u0105tkiem minimalnych niezb\u0119dnych koszt\u00f3w zakwaterowania dla uczestnik\u00f3w b\u0119d\u0105cych pracownikami niepe\u0142nosprawnymi.<\/p>\n\n\n\n<h5 class=\"wp-block-heading\">40. Prosz\u0119 o wyja\u015bnienie finansowania 13-tki (dodatkowego wynagrodzenia rocznego) i koszt\u00f3w urlopu. W Przewodniku kwalifikowalno\u015bci wydatk\u00f3w na str.19 koszt ten uznany jest za kwalifikowalny (kategoria wydatku: wynagrodzenia), a na str. 21 (kategoria wydatku: koszty aparatury naukowo-badawczej), koszt ten uznany jest za niekwalifikowalny.<\/h5>\n\n\n\n<p>Zgodnie z Przewodnikiem kwalifikowalno\u015bci koszt\u00f3w, w ramach kategorii wydatk\u00f3w \u201eKoszty aparatury naukowo-badawczej\u201d, w przypadku pracownik\u00f3w zatrudnionych przez Ostatecznego Odbiorc\u0119 Wsparcia (OOW), kt\u00f3rzy uczestnicz\u0105 w samodzielnym wytwarzaniu \u015brodka trwa\u0142ego lub przetwarzania posiadanego \u015brodka trwa\u0142ego-aparatury badawczej, nie s\u0105 kwalifikowalne wydatki poniesione na dodatkowe wynagrodzenie roczne (np. na tzw. trzynast\u0105 pensj\u0119), wydatki poniesione na nagrody i premie, a tak\u017ce koszty zwi\u0105zane z urlopem pracownik\u00f3w. W tej kategorii \u201eKoszty aparatury naukowo-badawczej\u201d jedynym dopuszczalnym sposobem rozliczania koszt\u00f3w pracy w\u0142asnych pracownik\u00f3w OOW przy samodzielnym wytwarzaniu aparatury naukowo-badawczej jest rozliczanie za pomoc\u0105 kart czasu pracy.<\/p>\n\n\n\n<h5 class=\"wp-block-heading\">41. Pytanie dotyczy wk\u0142adu w\u0142asnego. Zgodnie z Regulaminem konkursu minimalna cz\u0119\u015b\u0107 gospodarcza to 30% czy 25%, a niegospodarcza 70%. Niegospodarcza jest kwalifikowana w 100%, natomiast je\u017celi 25% stanowi cz\u0119\u015b\u0107 gospodarcza to 5% ma stanowi\u0107 wk\u0142ad w\u0142asny nierzeczowy?- czyli \u0142\u0105cznie 30%?<\/h5>\n\n\n\n<p>Zgodnie z \u00a72 ust. 3 Regulaminu wyboru przedsi\u0119wzi\u0119\u0107 do obj\u0119cia wsparciem, minimalna warto\u015b\u0107 koszt\u00f3w kwalifikowalnych cz\u0119\u015bci gospodarczej przedsi\u0119wzi\u0119cia obj\u0119ta:<\/p>\n\n\n\n<p>a)&nbsp;&nbsp;&nbsp;&nbsp;&nbsp;&nbsp;&nbsp;&nbsp;&nbsp;&nbsp;&nbsp; pomoc\u0105 publiczn\u0105 (tj. pomoc szkoleniowa oraz pomoc inwestycyjna na infrastruktur\u0119 badawcz\u0105), oraz<\/p>\n\n\n\n<p>b)&nbsp;&nbsp;&nbsp;&nbsp;&nbsp;&nbsp;&nbsp;&nbsp;&nbsp;&nbsp; pomoc\u0105 de minimis<\/p>\n\n\n\n<p>stanowi nie mniej ni\u017c 30% ca\u0142kowitych koszt\u00f3w kwalifikowalnych przedsi\u0119wzi\u0119cia.<\/p>\n\n\n\n<p>Przy tym, zgodnie z \u00a72 ust. 4 Regulaminu, cz\u0119\u015b\u0107 gospodarcza przedsi\u0119wzi\u0119cia obj\u0119ta pomoc\u0105 na infrastruktur\u0119 badawcz\u0105 nie mo\u017ce by\u0107 mniejsza ni\u0107 25% warto\u015bci koszt\u00f3w kwalifikowalnych przedsi\u0119wzi\u0119cia.<\/p>\n\n\n\n<p>Zgodnie z \u00a7 2 ust. 5 Regulaminu naboru, w ramach cz\u0119\u015bci gospodarczej przedsi\u0119wzi\u0119cia wk\u0142ad w\u0142asny musi stanowi\u0107 minimum 50% warto\u015bci koszt\u00f3w kwalifikowalnych tej cz\u0119\u015bci przedsi\u0119wzi\u0119cia.<\/p>\n\n\n\n<p>Przyk\u0142ad:<\/p>\n\n\n\n<p>Przyjmijmy dla uproszczenia, \u017ce w ramach przedsi\u0119wzi\u0119cia nie b\u0119dzie udzielana pomoc de minimis. W przypadku przedsi\u0119wzi\u0119cia, kt\u00f3rego ca\u0142kowite koszty kwalifikowalne wynosz\u0105 20 mln z\u0142 a udzia\u0142 cz\u0119\u015bci niegospodarczej i gospodarczej stanowi 70%\/ 30% ca\u0142kowitych koszt\u00f3w kwalifikowalnych, monta\u017c finansowy wygl\u0105da nast\u0119puj\u0105co:<\/p>\n\n\n\n<p>Ca\u0142kowite koszty kwalifikowalne przedsi\u0119wzi\u0119cia &#8211; 20 mln z\u0142<\/p>\n\n\n\n<p>1.&nbsp;&nbsp;&nbsp;&nbsp;&nbsp;&nbsp;&nbsp;&nbsp;&nbsp;&nbsp;&nbsp; Koszty kwalifikowalne cz. niegospodarczej \u2013 14 mln z\u0142 (70% ca\u0142kowitych koszt\u00f3w kwalifikowalnych)<\/p>\n\n\n\n<p>2.&nbsp;&nbsp;&nbsp;&nbsp;&nbsp;&nbsp;&nbsp;&nbsp;&nbsp;&nbsp;&nbsp; Koszty kwalifikowalne cz. gospodarczej \u2013 6 mln z\u0142 (30 % ca\u0142kowitych koszt\u00f3w kwalifikowalnych),<\/p>\n\n\n\n<p>przy czym:<\/p>\n\n\n\n<p>a)&nbsp;&nbsp;&nbsp;&nbsp;&nbsp;&nbsp;&nbsp;&nbsp;&nbsp;&nbsp;&nbsp; minimalny wk\u0142ad w\u0142asny&nbsp; &#8211; 3 mln z\u0142 (15% ca\u0142kowitych koszt\u00f3w kwalifikowalnych przedsi\u0119wzi\u0119cia&nbsp;&nbsp; \/ 50% koszt\u00f3w kwalifikowalnych cz\u0119\u015bci gospodarczej)<\/p>\n\n\n\n<p>b)&nbsp;&nbsp;&nbsp;&nbsp;&nbsp;&nbsp;&nbsp;&nbsp;&nbsp;&nbsp; pomoc publiczna \u2013 3 mln z\u0142 (15% ca\u0142kowitych koszt\u00f3w kwalifikowalnych przedsi\u0119wzi\u0119cia \/ 50% koszt\u00f3w kwalifikowalnych cz\u0119\u015bci gospodarczej)<\/p>\n\n\n\n<p>Dofinansowanie = Koszty kwalifikowalne cz. niegospodarczej + pomoc publiczna = 17 mln z\u0142 (85% ca\u0142kowitych koszt\u00f3w kwalifikowalnych przedsi\u0119wzi\u0119cia).<\/p>\n\n\n\n<p>Przechodz\u0105c do zobrazowania zapis\u00f3w w \u00a7 2 ust. 5a i 5b Regulaminu, przyjmijmy dla uproszczenia \u017ce w ramach przedsi\u0119wzi\u0119cia nie b\u0119dzie udzielana pomoc de minimis. Przy tym za\u0142o\u017ceniu:<\/p>\n\n\n\n<p>Koszty kwalifikowalne cz. gospodarczej \u2013 6 mln (30 % ca\u0142kowitych koszt\u00f3w kwalifikowalnych).<\/p>\n\n\n\n<p>Zatem:<\/p>\n\n\n\n<p>1.&nbsp;&nbsp;&nbsp;&nbsp;&nbsp;&nbsp;&nbsp;&nbsp;&nbsp;&nbsp;&nbsp; Koszty kwalifikowalne cz. gospodarczej obj\u0119tej pomoc\u0105 na infrastruktur\u0119 badawcz\u0105 \u2013 5 mln z\u0142 (25% warto\u015bci ca\u0142kowitych koszt\u00f3w kwalifikowalnych przedsi\u0119wzi\u0119cia), w tym minimum 2,5 mln z\u0142 powinien stanowi\u0107 wk\u0142ad w\u0142asny (50% koszt\u00f3w kwalifikowalnych cz. gospodarczej w zakresie infrastruktury badawczej).<\/p>\n\n\n\n<p>2.&nbsp;&nbsp;&nbsp;&nbsp;&nbsp;&nbsp;&nbsp;&nbsp;&nbsp;&nbsp;&nbsp; Koszty kwalifikowalne cz. gospodarczej obj\u0119tej pomoc\u0105 na szkolenia \u2013 1 mln z\u0142 (tj. pozosta\u0142e 5% warto\u015bci ca\u0142kowitych koszt\u00f3w kwalifikowalnych przedsi\u0119wzi\u0119cia), w tym minimum 0,5 mln z\u0142 powinien stanowi\u0107 wk\u0142ad w\u0142asny (50% koszt\u00f3w kwalifikowalnych cz. gospodarczej w zakresie szkole\u0144).<\/p>\n\n\n\n<h5 class=\"wp-block-heading\"> 42. Zbi\u00f3r o\u015bwiadcze\u0144 zbiorczych, str. 2: w dost\u0119pnym na stronie wzorze w\u015br\u00f3d wymienionych mo\u017cliwych opcji tytu\u0142u prawnego dla ca\u0142o\u015bci grantu brakuje przypadku, kt\u00f3ry wyst\u0119puje w naszym instytucie, tj. <strong>\u201e<\/strong>umowy u\u017cyczenia<strong>\u201d<\/strong>. Czy we wzorze o\u015bwiadczenia mo\u017cemy doda\u0107 form\u0119 prawn\u0105 maj\u0105c\u0105 zastosowanie w naszym przypadku?<\/h5>\n\n\n\n<p>Nie nale\u017cy modyfikowa\u0107 wzoru dokument\u00f3w stanowi\u0105cych za\u0142\u0105czniki do wniosku o obj\u0119cie przedsi\u0119wzi\u0119cia wsparcie.&nbsp; Za\u0142\u0105czniki do wniosku nale\u017cy przygotowa\u0107 zgodnie z \u201eInstrukcj\u0105 przygotowania za\u0142\u0105cznik\u00f3w w ramach KPO\u201d stanowi\u0105c\u0105 za\u0142\u0105cznik nr 6 do Regulaminu.&nbsp;Wskazana forma prawna nie zosta\u0142a przewidziana w naborze i zgodnie z Instrukcj\u0105 do przygotowania za\u0142\u0105cznik\u00f3w do wniosku (za\u0142\u0105cznik nr 9) dopuszczalne s\u0105 nast\u0119puj\u0105ce formy prawne: w\u0142asno\u015b\u0107\/u\u017cytkowanie wieczyste\/u\u017cytkowanie\/najem\/dzier\u017cawa\/trwa\u0142y zarz\u0105d.<\/p>\n\n\n\n<p>Nale\u017cy zwr\u00f3ci\u0107 szczeg\u00f3ln\u0105 uwag\u0119 na zgodno\u015b\u0107 przygotowanych za\u0142\u0105cznik\u00f3w z obowi\u0105zuj\u0105cymi wzorami dost\u0119pnymi na stronie internetowej OPI.<\/p>\n\n\n\n<h5 class=\"wp-block-heading\">43. Koszty amortyzacji budynku we wk\u0142adzie w\u0142asnym obejmuj\u0105 okres realizacji projektu &#8211; czy nie mog\u0105 one dotyczy\u0107 okresu trwa\u0142o\u015bci?<\/h5>\n\n\n\n<p>Zgodnie z Przewodnikiem kwalifikowalno\u015bci wydatk\u00f3w, pod poj\u0119ciem okresu kwalifikowalno\u015bci koszt\u00f3w nale\u017cy rozumie\u0107 okres, w kt\u00f3rym koszty kwalifikowalne mog\u0105 by\u0107 ponoszone i rozliczane w ramach przedsi\u0119wzi\u0119cia. Okres ten dla danego przedsi\u0119wzi\u0119cia okre\u015blony b\u0119dzie w umowie o obj\u0119cie przedsi\u0119wzi\u0119cia wsparciem. Koszty poniesione i rozliczone poza okresem kwalifikowalno\u015bci stanowi\u0105 koszty niekwalifikowalne.<\/p>\n\n\n\n<h5 class=\"wp-block-heading\">44. Je\u015bli wk\u0142adem w\u0142asnym jest cz\u0119\u015b\u0107 nieruchomo\u015bci, to nie jest wymagany operat szacunkowy, ale je\u015bli operat b\u0119dzie i koszty z operatu b\u0119d\u0105 wskazane we wniosku, czy to nie jest dyskwalifikuj\u0105ce?<\/h5>\n\n\n\n<p>Zgodnie z Przewodnikiem kwalifikowalno\u015b\u0107 wydatk\u00f3w, je\u017celi wk\u0142adem w\u0142asnym nie jest ca\u0142a nieruchomo\u015b\u0107, a jedynie jej cz\u0119\u015b\u0107, operat szacunkowy nie jest wymagany \u2013 w takim przypadku warto\u015b\u0107 wk\u0142adu wycenia si\u0119 jako koszt amortyzacji lub wynajmu (stawk\u0119 mo\u017ce okre\u015bla\u0107 np. cennik danej instytucji). Wykazanie kosztu z operatu nie jest dyskwalifikuj\u0105ce.<\/p>\n\n\n\n<h5 class=\"wp-block-heading\">45.  Czy koszty po\u015brednie w cz\u0119\u015bci gospodarczej mog\u0105 by\u0107 naliczone jedynie od koszt\u00f3w promocji i certyfikat\u00f3w, poniewa\u017c tylko ta cz\u0119\u015b\u0107 koszt\u00f3w jest obj\u0119ta pomoc\u0105 de minimis?<\/h5>\n\n\n\n<p>Zgodnie z zapisami Przewodnika kwalifikowalno\u015bci wydatk\u00f3w, koszty po\u015brednie ponoszone w zwi\u0105zku z realizacj\u0105 przedsi\u0119wzi\u0119cia obj\u0119tego wsparciem s\u0105 rozliczane metod\u0105 rycza\u0142tow\u0105 &#8211; jako procent od koszt\u00f3w bezpo\u015brednich, zgodnie ze wzorem: <\/p>\n\n\n\n<p>O = (koszty aparatury naukowo-badawczej + koszty warto\u015bci niematerialnych i prawnych + koszty nieruchomo\u015bci + koszty uzyskania certyfikatu istotnego z punktu widzenia podniesienia konkurencyjno\u015bci laboratorium badawczego + bezpo\u015brednie koszty promocji przedsi\u0119wzi\u0119cia) x max 7%.<\/p>\n\n\n\n<h5 class=\"wp-block-heading\">46. Czy wk\u0142ad w\u0142asny niepieni\u0119\u017cny stanowi\u0105cy do 10% warto\u015bci koszt\u00f3w kwalifikowanych przedsi\u0119wzi\u0119cia jest rozliczany w cz\u0119\u015bci gospodarczej, w ramach pomocy publicznej, i wliczany jest do 50% cz\u0119\u015bci stanowi\u0105cej wk\u0142ad instytucji w inwestycj\u0119?<\/h5>\n\n\n\n<p>Zgodnie ze wzorem Harmonogramu rzeczowo-finansowego, wk\u0142ad w\u0142asny jest wnoszony w koszty kwalifikowalne cz\u0119\u015bci gospodarczej i w tej cz\u0119\u015bci b\u0119dzie rozliczany. Je\u015bli wnoszony wk\u0142ad b\u0119dzie stanowi\u0142 10% ca\u0142kowitych koszt\u00f3w kwalifikowalnych na poziomie projektu, to jednocze\u015bnie jego koszt b\u0119dzie wliczany do 50% koszt\u00f3w kwalifikowalnych cz\u0119\u015bci gospodarczej w zakresie infrastruktury badawczej.<\/p>\n\n\n\n<h5 class=\"wp-block-heading\">47.  W jaki spos\u00f3b nale\u017cy za\u0142\u0105czy\u0107 do systemu CST za\u0142\u0105czniki wymagane do Studium wykonalno\u015bci?<\/h5>\n\n\n\n<p>Aby doda\u0107 za\u0142\u0105czniki zgodnie z instrukcj\u0105 wype\u0142niania wniosku, pkt. J \u2013 sekcja za\u0142\u0105czniki, nale\u017cy klikn\u0105\u0107 pod nazw\u0105 odpowiedniego za\u0142\u0105cznika przycisk Dodaj za\u0142\u0105cznik. Wtedy wy\u015bwietli si\u0119 standardowe okienko Eksploratora plik\u00f3w, z kt\u00f3rego mo\u017cna wybra\u0107 odpowiedni dokument. Zgodnie z instrukcj\u0105 jeden za\u0142\u0105cznik mo\u017ce mie\u0107 wielko\u015b\u0107 do 25 MB.<\/p>\n\n\n\n<p>Zgodnie z dokumentacj\u0105 konkursow\u0105, je\u015bli Wnioskodawca stwierdzi, \u017ce system dzia\u0142a b\u0142\u0119dnie, mo\u017ce to zg\u0142osi\u0107 na adres: <a href=\"mailto:opipibkpod@opi.org.pl\">opipib-kpod@opi.org.pl<\/a>.<\/p>\n\n\n\n<h5 class=\"wp-block-heading\">48. Co zrobi\u0107, gdy w ramach jednego za\u0142\u0105cznika trzeba za\u0142\u0105czy\u0107 wi\u0119cej za\u0142\u0105cznik\u00f3w o r\u00f3\u017cnym formacie, czy mo\u017cna do\u0142\u0105czy\u0107 ZIP\/RAR?<\/h5>\n\n\n\n<p>W systemie nale\u017cy zamie\u015bci\u0107 Studium Wykonalno\u015bci w wersji elektronicznej, tj. plik doc, docx lub PDF je\u015bli jest to skan podpisanego dokumentu. Ponadto, w wersji elektronicznej nale\u017cy umie\u015bci\u0107 aktywny model do cz\u0119\u015bci finansowo\u2013ekonomicznej w arkuszu kalkulacyjnym (format xls, plik EXCEL), tak, aby zapis w poszczeg\u00f3lnych kom\u00f3rkach arkusza pozwala\u0142 zweryfikowa\u0107 zastosowane w wyliczeniach formu\u0142y. Wyliczenia musz\u0105 zawiera\u0107 nieukryte i dzia\u0142aj\u0105ce formu\u0142y. Dodatkowo prosimy do\u0142\u0105czy\u0107 pozosta\u0142e za\u0142\u0105czniki do Studium Wykonalno\u015bci (w formie skan\u00f3w lub dokument\u00f3w opatrzonych kwalifikowanym podpisem elektronicznym).<\/p>\n\n\n\n<h5 class=\"wp-block-heading\">49. W jaki spos\u00f3b nale\u017cy dokona\u0107 wyceny wk\u0142adu w\u0142asnego przez rzeczoznawc\u0119 w sytuacji, gdy wk\u0142adem tym jest urz\u0105dzenie prototypowe i nie jest mo\u017cliwe okre\u015blenie warto\u015bci rynkowej, ale mo\u017cliwe jest okre\u015blenie warto\u015bci godziwej?<\/h5>\n\n\n\n<p>Niezb\u0119dne jest przedstawienie przez Wnioskodawc\u0119 wyceny wk\u0142adu w\u0142asnego przeprowadzonej przez uprawnionego rzeczoznawc\u0119. Wymagania dotycz\u0105ce wyceny wk\u0142adu rzeczowego zosta\u0142y przedstawione w Przewodniku kwalifikowalno\u015bci wydatk\u00f3w.&nbsp; Zgodnie z nimi powinna zosta\u0107 przedstawiona opinia przygotowana przez rzeczoznawc\u0119, do kt\u00f3rej zostan\u0105 do\u0142\u0105czone m.in. dokumenty, na podstawie kt\u00f3rych dokonano wyceny, np. wyceny warto\u015bci godziwej planowanego do wniesienia sprz\u0119tu. Przygotowan\u0105 dokumentacj\u0119 nale\u017cy do\u0142\u0105czy\u0107 do Studium wykonalno\u015bci w ramach za\u0142\u0105cznika nr 3.<\/p>\n\n\n\n<h5 class=\"wp-block-heading\">50.  Przedsi\u0119wzi\u0119cie wpisane na Map\u0119 jest realizowane w konsorcjum. Czy wniosek o zgod\u0119 na bycie liderem w przedsi\u0119wzi\u0119ciu stanowi\u0105cym przedmiot wniosku sk\u0142ada Lider przedsi\u0119wzi\u0119cia z Mapy, nawet je\u017celi nie b\u0119dzie on liderem ani uczestnikiem projektu, a liderem ma by\u0107 jeden z konsorcjant\u00f3w z Mapy? Czy mo\u017ce wniosek z\u0142o\u017cy\u0107 ta instytucja, kt\u00f3ra chce obecnie by\u0107 Liderem (spe\u0142niaj\u0105c oczywi\u015bcie pozosta\u0142e wymogi konkursu)?<\/h5>\n\n\n\n<p>Zgodnie z Regulaminem ocena, czy przedsi\u0119wzi\u0119cie jest wpisane na PMIB, dokonywana jest w ramach kryterium szczeg\u00f3\u0142owego: \u201ePrzedsi\u0119wzi\u0119cie jest wpisane na Polsk\u0105 Map\u0119 Infrastruktury Badawczej \u2013 dotyczy schematu A\u201d. Wnioskodawca\/Lider konsorcjum zobowi\u0105zany jest do za\u0142\u0105czenia do wniosku O\u015bwiadczenia dotycz\u0105cego zgodno\u015bci przedsi\u0119wzi\u0119cia z\u0142o\u017conego w Naborze nr KPOD.01.18-IW.03-001\/23 z danymi uj\u0119tymi we wniosku\/ podaniu o wpis infrastruktury na Polsk\u0105 Map\u0119 Infrastruktury Badawczej z\u0142o\u017conym w ramach naboru MNiSW (obecnie: MEiN).<\/p>\n\n\n\n<p>Ocena dokonywana jest w oparciu o dane wynikaj\u0105ce z opublikowanej PMIB, o\u015bwiadczenie Wnioskodawcy oraz za\u0142\u0105czniki (w tym zgoda IOI na wyznaczonego Lidera konsorcjum albo zgoda IOI na samodzieln\u0105 realizacj\u0119 przedsi\u0119wzi\u0119cia przez jednego Wnioskodawc\u0119).<\/p>\n\n\n\n<p>Wnioskodawca\/Lider sk\u0142ada samodzielnie wniosek do Ministerstwa Edukacji i Nauki, zatem prosimy o wyja\u015bnienie Pa\u0144stwa sytuacji poprzez bezpo\u015bredni kontakt z MEiN.<\/p>\n\n\n\n<h5 class=\"wp-block-heading\">51. Czy uznawane b\u0119d\u0105 za kwalifikowalne koszty <em>konsultacji specjalistycznych za granic\u0105 dot. budowy infrastruktury<\/em>? Czy taki koszt mo\u017cna uzna\u0107 za kwalifikowalny w ramach jednego z dw\u00f3ch poni\u017cszych zapis\u00f3w z Przewodnika koszt\u00f3w kwalifikowalnych: a) z kat. <em>Koszty aparatury naukowo-badawczej:<\/em> wydatki zwi\u0105zane z transportem, instalacj\u0105, testowaniem i uruchomieniem tych \u015brodk\u00f3w trwa\u0142ych (&#8230;) \u2013 je\u017celi taki wyjazd mia\u0142by dotyczy\u0107 konsultacji dot. budowy infrastruktury i przeszkolenia z jej wybudowania, instalacji i korzystania z niej; b) z kat. <em>Koszty szkole\u0144:<\/em> operacyjne, bezpo\u015brednio zwi\u0105zane z przeprowadzeniem szkole\u0144 i uczestniczeniem w nich, takie jak koszty: podr\u00f3\u017cy wyk\u0142adowc\u00f3w i uczestnik\u00f3w szkole\u0144?<\/h5>\n\n\n\n<p>Planowany wydatek zwi\u0105zany z kosztami konsultacji specjalistycznych za granic\u0105 dot. budowy infrastruktury mo\u017ce by\u0107 potencjalnie rozliczany rycza\u0142towo w kosztach po\u015brednich, kt\u00f3re obejmuj\u0105 koszty zwi\u0105zane ze wsparciem realizacji przedsi\u0119wzi\u0119cia w zakresie infrastruktury badawczej. W ramach tej kategorii kwalifikowalne s\u0105 m. in. koszty dotycz\u0105ce doradztwa lub podobnych us\u0142ug, w tym dodatkowe og\u00f3lne, ponoszone bezpo\u015brednio w zwi\u0105zku z realizacj\u0105 przedsi\u0119wzi\u0119cia w zakresie infrastruktury badawczej.<\/p>\n\n\n\n<h5 class=\"wp-block-heading\">52.  Czy dobrze rozumiemy, \u017ce je\u017celi mamy kilka pozycji zakupionych w ramach dofinansowania, to niekt\u00f3re z maszyn mog\u0105 by\u0107 wykorzystane w 100% komercyjnie, pod warunkiem, \u017ce przychody wygenerowane przez ca\u0142\u0105 infrastruktur\u0119 nie przekrocz\u0105 20% ca\u0142kowitych przychod\u00f3w?<\/h5>\n\n\n\n<p>W konkursie nie zak\u0142ada si\u0119 pomocniczego charakteru dzia\u0142alno\u015bci gospodarczej do 20% ca\u0142kowitej rocznej wydajno\u015bci infrastruktury. Zgodnie z Regulaminem dzia\u0142alno\u015b\u0107 gospodarcza powinna wynie\u015b\u0107 minimum 30% koszt\u00f3w kwalifikowalnych przedsi\u0119wzi\u0119cia i w tym przypadku maj\u0105 zastosowanie regu\u0142y pomocy publicznej. Zwracamy r\u00f3wnie\u017c uwag\u0119, \u017ce wydajno\u015b\u0107 infrastruktury badawczej nie mo\u017ce by\u0107 mierzona przychodami\/dochodami.<\/p>\n\n\n\n<h5 class=\"wp-block-heading\">53. Czy mo\u017cna zrezygnowa\u0107 z pomocy de minimis?<\/h5>\n\n\n\n<p>W ramach konkursu pomoc jest udzielana jako pomoc publiczna i pomoc de minimis. Pomoc de minimis mo\u017ce zosta\u0107 udzielona przedsi\u0119biorcy, je\u017celi warto\u015b\u0107 brutto tej pomocy \u0142\u0105cznie z warto\u015bci\u0105 brutto innej pomocy de minimis udzielonej mu w okresie 3 lat podatkowych nie przekroczy kwoty stanowi\u0105cej r\u00f3wnowarto\u015b\u0107 200 000 euro. W zwi\u0105zku z tym, korzystanie z pomocy de minimis nie jest obligatoryjne.<\/p>\n\n\n\n<h5 class=\"wp-block-heading\">54. Co z PFU w przypadku, gdy projekt dotyczy modernizacji\/doposa\u017cenia aparatury badawczej. Czy wystarczy wtedy OPZ?<\/h5>\n\n\n\n<p>Je\u017celi zakres przedsi\u0119wzi\u0119cia nie uwzgl\u0119dnia rob\u00f3t budowlanych polegaj\u0105cych na przebudowie lub remoncie obiektu budowlanego, nie jest wymagane za\u0142\u0105czanie PFU.<\/p>\n\n\n\n<h5 class=\"wp-block-heading\">55.  Jak b\u0119dzie wygl\u0105da\u0107 kwestia komercyjnego wykorzystywania infrastruktury sfinansowanej (cz\u0119\u015b\u0107 niegospodarcza) oraz wsp\u00f3\u0142finansowanej (cz\u0119\u015b\u0107 gospodarcza)? Czy i jaki procent b\u0119dzie m\u00f3g\u0142 by\u0107 wykorzystywany w celach komercyjnych?<\/h5>\n\n\n\n<p>W konkursie nie zak\u0142ada si\u0119 pomocniczego charakteru dzia\u0142alno\u015bci gospodarczej. Zgodnie z wymogiem Konkursu dzia\u0142alno\u015b\u0107 gospodarcza powinna wynie\u015b\u0107 minimum 30% koszt\u00f3w kwalifikowalnych przedsi\u0119wzi\u0119cia i w tym przypadku maj\u0105 zastosowanie regu\u0142y pomocy publicznej.<\/p>\n\n\n\n<h5 class=\"wp-block-heading\">56.  Czy je\u015bli cz\u0119\u015b\u0107 budynku (jedno laboratorium) by\u0142a wsp\u00f3\u0142\/finansowana ze \u015brodk\u00f3w publicznych, jak b\u0119dzie wygl\u0105da\u0107 wniesienie nieruchomo\u015bci jako wk\u0142adu w\u0142asnego &#8211; czy jest to mo\u017cliwe? Czy mo\u017cliwe jest wniesienie jako wk\u0142adu w\u0142asnego budynku, w kt\u00f3rym funkcjonuje aparatura wsp\u00f3\u0142\/finansowana ze \u015brodk\u00f3w publicznych? Czy je\u015bli budynek by\u0142 wsp\u00f3\u0142\/finansowany ze \u015brodk\u00f3w publicznych, grunt pod budynkiem mo\u017ce by\u0107 wk\u0142adem w\u0142asnym? Co w przypadku, kiedy grunt pod ww. budynkiem by\u0142 wk\u0142adem w\u0142asnym w projekcie, kt\u00f3ry wsp\u00f3\u0142\/finansowa\u0142 ww. budynek? Czy w takiej sytuacji grunt mo\u017ce by\u0107 wk\u0142adem w\u0142asnym w KPO?<\/h5>\n\n\n\n<p>Zgodnie z \u00a7 2 ust. 9 Regulaminu wk\u0142ad w\u0142asny mo\u017ce by\u0107 wk\u0142adem rzeczowym (niepieni\u0119\u017cnym) w postaci nieruchomo\u015bci (grunty, budynki), aparatury naukowo-badawczej oraz warto\u015bci niematerialnych i prawnych. Wniesienie wk\u0142adu rzeczowego jest mo\u017cliwe wy\u0142\u0105cznie w ramach koszt\u00f3w infrastruktury badawczej obj\u0119tej pomoc\u0105 wynikaj\u0105c\u0105 z art. 26 Rozporz\u0105dzenia 651\/2014 (pomoc inwestycyjna na infrastruktur\u0119 badawcz\u0105). Szczeg\u00f3\u0142y dotycz\u0105ce wk\u0142adu niepieni\u0119\u017cnego zosta\u0142y opisane w Przewodniku kwalifikowalno\u015bci stanowi\u0105cym Za\u0142\u0105cznik nr 3 do Regulaminu. Wk\u0142ad w\u0142asny mo\u017ce by\u0107 wniesiony wy\u0142\u0105cznie w ramach kwalifikowalnych koszt\u00f3w bezpo\u015brednich dotycz\u0105cych koszt\u00f3w inwestycji w rzeczowe aktywa trwa\u0142e i warto\u015bci niematerialne i prawne, oraz kwalifikowalnych koszt\u00f3w pomocy szkoleniowej. Wnoszony wk\u0142ad w\u0142asny musi wi\u0119c spe\u0142nia\u0107 og\u00f3lne warunki kwalifikowalno\u015bci, mi\u0119dzy innymi w zakresie wykazania, \u017ce jest on racjonalny, efektywny oraz niezb\u0119dny do realizacji przedsi\u0119wzi\u0119cia.<\/p>\n\n\n\n<p>Ponadto, zgodnie z Przewodnikiem kwalifikowalno\u015bci wydatk\u00f3w, wk\u0142ad w\u0142asny niepieni\u0119\u017cny musi spe\u0142nia\u0107 co najmniej jeden z ni\u017cej wymienionych warunk\u00f3w:<\/p>\n\n\n\n<p>\u2022 nie pochodzi ze \u015brodk\u00f3w publicznych, w tym dotacji\/subwencji z bud\u017cetu pa\u0144stwa i bud\u017cetu jednostek samorz\u0105du terytorialnego, z wy\u0142\u0105czeniem innych przychod\u00f3w jednostek sektora finans\u00f3w publicznych, wolnych od pomocy publicznej i uzyskiwanych zgodnie z przepisami dla nich w\u0142a\u015bciwymi;<\/p>\n\n\n\n<p>\u2022 w ci\u0105gu 7 lat wstecz (w przypadku nieruchomo\u015bci 10 lat) nie by\u0142 wsp\u00f3\u0142finansowany ze \u015brodk\u00f3w unijnych lub z dotacji krajowych i jednocze\u015bnie zosta\u0142 zamortyzowany;<\/p>\n\n\n\n<p>\u2022 by\u0142 finansowany ze \u015brodk\u00f3w publicznych przed 12 grudnia 2000 r. (tj. dat\u0105 wydania orzeczenia w sprawie T-128\/98 Aeroports de Paris v Comission) i tym samym mo\u017ce stanowi\u0107 wk\u0142ad w\u0142asny w projekcie obj\u0119tym pomoc\u0105 publiczn\u0105.<\/p>\n\n\n\n<p>Spe\u0142nienie jednego z ww. warunk\u00f3w potwierdzaj\u0105 Pa\u0144stwo w O\u015bwiadczeniu dotycz\u0105cym wk\u0142adu w\u0142asnego niepieni\u0119\u017cnego. Wytyczne do przygotowania Studium Wykonalno\u015bci wskazuj\u0105, \u017ce wk\u0142ad w\u0142asny nie pochodzi ze \u015brodk\u00f3w obj\u0119tych pomoc\u0105 publiczn\u0105. Maj\u0105c to na uwadze, prosimy o weryfikacj\u0119, czy w Pa\u0144stwa sytuacji jeden z ww. warunk\u00f3w zosta\u0142 spe\u0142niony.<\/p>\n\n\n\n<p>Jednocze\u015bnie zalecamy sprawdzenie, czy wniesienie wk\u0142adu w\u0142asnego niepieni\u0119\u017cnego w takiej formie nie b\u0119dzie skutkowa\u0142o podw\u00f3jnym finansowaniem. Zgodnie z art. 14la. ust. 7 ustawy wdro\u017ceniowej (tj. Ustawy z 28.04.2022 r. o zasadach realizacji zada\u0144 finansowanych ze \u015brodk\u00f3w europejskich w perspektywie finansowej 2021-2027), podw\u00f3jne finansowanie wyst\u0119puje w&nbsp; przypadku deklarowania do rozliczenia w ramach planu rozwojowego wydatk\u00f3w zadeklarowanych wcze\u015bniej w ramach tego planu lub jako kwalifikowalne w innych programach unijnych. Zwracamy uwag\u0119, \u017ce warto\u015b\u0107 nieruchomo\u015bci stanowi\u0105ca wk\u0142ad w\u0142asny musi by\u0107 potwierdzona operatem szacunkowym sporz\u0105dzonym przez uprawnionego rzeczoznawc\u0119 zgodnie z przepisami ustawy z 21 sierpnia 1997 r. o gospodarce nieruchomo\u015bciami (Dz. U. 1997 Nr 115 poz. 741 z p\u00f3\u017an. zm.) \u2013 aktualnym w momencie z\u0142o\u017cenia rozliczaj\u0105cego go wniosku o p\u0142atno\u015b\u0107, o warto\u015bci potwierdzonej odpowiednim dokumentem r\u00f3wnowa\u017cnym fakturze. Je\u017celi wk\u0142adem w\u0142asnym nie jest ca\u0142a nieruchomo\u015b\u0107, a jedynie jej cz\u0119\u015b\u0107, operat szacunkowy nie jest wymagany \u2013 w takim przypadku warto\u015b\u0107 wk\u0142adu wycenia si\u0119 jako koszt amortyzacji lub wynajmu (stawk\u0119 mo\u017ce okre\u015bla\u0107 np. cennik danej instytucji).<\/p>\n\n\n\n<h5 class=\"wp-block-heading\">57.  Zgodnie z Przewodnikiem kwalifikowalno\u015bci koszty po\u015brednie rozliczamy metod\u0105 rycza\u0142tow\u0105 jako procent od koszt\u00f3w bezpo\u015brednich \u2013 maksymalnie 7% od koszt\u00f3w bezpo\u015brednich. Pytanie czy koszty po\u015brednie dla dzia\u0142alno\u015bci gospodarczej i niegospodarczej mog\u0105 zosta\u0107 wyliczone w r\u00f3\u017cnym procencie tj. dla dzia\u0142alno\u015bci niegospodarczej chcieliby\u015bmy przyj\u0105\u0107 7% a dla gospodarczej 3,5% koszt\u00f3w bezpo\u015brednich tych dzia\u0142alno\u015bci. Mniejsza warto\u015b\u0107 koszt\u00f3w w dzia\u0142alno\u015bci gospodarczej wynika z limitu pomocy de minimis.<\/h5>\n\n\n\n<p>Zgodnie z zapisami Przewodnika, w cz\u0119\u015bci gospodarczej przedsi\u0119wzi\u0119cia koszty po\u015brednie nale\u017cy wykaza\u0107 w kosztach kwalifikowalnych przedsi\u0119wzi\u0119cia jedynie w przypadku dost\u0119pnego limitu pomocy de minimis, ale w kwocie nieprzekraczaj\u0105cej 7% koszt\u00f3w bezpo\u015brednich tej cz\u0119\u015bci koszt\u00f3w kwalifikowalnych przedsi\u0119wzi\u0119cia. W cz\u0119\u015bci niegospodarczej koszty po\u015brednie nie mog\u0105 przekroczy\u0107 7% koszt\u00f3w bezpo\u015brednich tej cz\u0119\u015bci koszt\u00f3w kwalifikowalnych przedsi\u0119wzi\u0119cia. Koszty rozliczone metod\u0105 rycza\u0142tow\u0105 s\u0105 traktowane jako wydatki poniesione. Zatem Przewodnik kwalifikowalno\u015bci wydatk\u00f3w okre\u015bla wy\u0142\u0105cznie maksymalne warto\u015bci procentowe dla koszt\u00f3w po\u015brednich.<\/p>\n\n\n\n<h5 class=\"wp-block-heading\">58. Planujemy wnie\u015b\u0107 do projektu wk\u0142ad w\u0142asny niepieni\u0119\u017cny w postaci zamortyzowanych urz\u0105dze\u0144 badawczych. Urz\u0105dzenia b\u0119d\u0105 spe\u0142nia\u0142y kryteria dla wk\u0142adu niepieni\u0119\u017cnego. Pytanie czy sprz\u0119t ten b\u0119dzie podlega\u0142 monitorowaniu wykorzystania do dzia\u0142alno\u015bci gospodarczej? Zgodnie z dokumentacj\u0105 konkursow\u0105 monitorowanie wykorzystania nale\u017cy prowadzi\u0107 w okresie amortyzacji \u015brodk\u00f3w trwa\u0142ych, zgodnie z przyj\u0119t\u0105 metodologi\u0105. Natomiast sprz\u0119t wniesiony w postaci wk\u0142adu niepieni\u0119\u017cnego b\u0119dzie ju\u017c zamortyzowany.<\/h5>\n\n\n\n<p>Zgodnie z art. 26 ust. 7 Rozporz\u0105dzenia Komisji (UE) nr 651\/2014 w okresie amortyzacji infrastruktury stosowany b\u0119dzie mechanizm monitorowania i wycofania, maj\u0105cy na celu monitorowanie przyj\u0119tych proporcji wykorzystania infrastruktury badawczej do prowadzenia dzia\u0142alno\u015bci gospodarczej i niegospodarczej. Mechanizm ten obejmuje wszystkie sk\u0142adniki infrastruktury badawczej, na kt\u00f3re zosta\u0142o udzielone dofinansowanie w ramach przedsi\u0119wzi\u0119cia i kt\u00f3re zosta\u0142y zadeklarowane w umowie o obj\u0119cie przedsi\u0119wzi\u0119cia wsparciem. Sk\u0142adniki infrastruktury podlegaj\u0105 monitorowaniu wed\u0142ug wska\u017anik\u00f3w okre\u015blonych w umowie o obj\u0119cie przedsi\u0119wzi\u0119cia wsparciem. Monitorowanie odbywa si\u0119 w cyklach rocznych na podstawie wybranych wska\u017anik\u00f3w, z&nbsp;wykorzystaniem dokumentacji finansowo-ksi\u0119gowej oraz innych dokument\u00f3w (np. wydruk\u00f3w rejestruj\u0105cych czas wykorzystania urz\u0105dze\u0144) potwierdzaj\u0105cych proporcje wykorzystania infrastruktury do prowadzenia dzia\u0142alno\u015bci gospodarczej i niegospodarczej.<\/p>\n\n\n\n<p>W przypadku, gdy poszczeg\u00f3lne elementy\/ sk\u0142adniki s\u0105 wykorzystywane do dzia\u0142alno\u015bci gospodarczej w r\u00f3\u017cnym zakresie i na tej podstawie obj\u0119te r\u00f3\u017cnymi poziomami dofinansowania \u2013 mechanizm powinien by\u0107 zastosowany odr\u0119bnie dla ka\u017cdego elementu\/ sk\u0142adnika. Dodatkowo, gdy poszczeg\u00f3lne sk\u0142adniki dofinansowanej infrastruktury amortyzuj\u0105 si\u0119 w&nbsp;r\u00f3\u017cnych okresach, ka\u017cdy ze sk\u0142adnik\u00f3w powinien podlega\u0107 mechanizmowi monitorowania we w\u0142a\u015bciwym dla niego okresie amortyzacji.<\/p>\n\n\n\n<h5 class=\"wp-block-heading\">59.  Regulamin konkursu wskazuje nast\u0119puj\u0105cy limit: \u201eMinimalna warto\u015b\u0107 koszt\u00f3w kwalifikowalnych cz\u0119\u015bci gospodarczej przedsi\u0119wzi\u0119cia obj\u0119ta pomoc\u0105 publiczn\u0105 i pomoc\u0105 de minimis stanowi nie mniej ni\u017c 30% ca\u0142kowitych koszt\u00f3w kwalifikowalnych przedsi\u0119wzi\u0119cia\u201d. Pytanie czy limit 30% liczymy od wszystkich koszt\u00f3w kwalifikowanych, w tym koszt\u00f3w po\u015brednich rozliczanych metod\u0105 rycza\u0142tow\u0105, w tym w ramach pomocy de minimis? Czy wyliczaj\u0105c wska\u017anik 30% w kosztach kwalifikowanych og\u00f3\u0142em uwzgl\u0119dniamy koszty rycza\u0142towe, w tym w ramach pomocy de minimis (tj. w mianowniku dzia\u0142ania). Czy w kosztach dzia\u0142alno\u015bci obj\u0119tej pomoc\u0105 publiczn\u0105 i de minimis uwzgl\u0119dniamy r\u00f3wnie\u017c koszty rycza\u0142towe finansowane z pomocy de minimis (tj. w liczniku dzia\u0142ania)?<\/h5>\n\n\n\n<p>Zgodnie z \u00a72 ust. 3 Regulaminu minimalna warto\u015b\u0107 koszt\u00f3w kwalifikowalnych cz\u0119\u015bci gospodarczej przedsi\u0119wzi\u0119cia obj\u0119ta:<\/p>\n\n\n\n<p>a)&nbsp;&nbsp;pomoc\u0105 publiczn\u0105 (tj. pomoc szkoleniowa oraz pomoc inwestycyjna na infrastruktur\u0119 badawcz\u0105) oraz<\/p>\n\n\n\n<p>b)&nbsp; pomoc\u0105 de minimis<\/p>\n\n\n\n<p>stanowi nie mniej ni\u017c 30% ca\u0142kowitych koszt\u00f3w kwalifikowalnych przedsi\u0119wzi\u0119cia.<\/p>\n\n\n\n<p>W wydatkach kwalifikowalnych og\u00f3\u0142em wlicza si\u0119 koszty po\u015brednie i koszty po\u015brednie (rycza\u0142t).<\/p>\n\n\n\n<h5 class=\"wp-block-heading\">60. Czy w zwi\u0105zku z okre\u015blonymi w regulaminie konkursu limitami mo\u017cliwe jest, aby koszty kwalifikowalne cz\u0119\u015bci gospodarczej przedsi\u0119wzi\u0119cia obj\u0119te pomoc\u0105 publiczn\u0105 i pomoc\u0105 de minimis stanowi\u0142y 30% ca\u0142kowitych koszt\u00f3w kwalifikowalnych przedsi\u0119wzi\u0119cia, z czego np. 29,5% dotyczy\u0107 b\u0119dzie infrastruktury badawczej a 0,5% pomocy na szkolenia?<\/h5>\n\n\n\n<p>W \u00a7 2 ust. 4 Regulaminu w wskazane jest, \u017ce cz\u0119\u015b\u0107 przedsi\u0119wzi\u0119cia dotycz\u0105ca koszt\u00f3w kwalifikowalnych infrastruktury badawczej przeznaczona do wykorzystania gospodarczego i tym samym obj\u0119ta pomoc\u0105 publiczn\u0105, o kt\u00f3rej mowa w art. 26 Rozporz\u0105dzenia 651\/2014, jest nie mniejsza ni\u017c 25% warto\u015bci koszt\u00f3w kwalifikowalnych przedsi\u0119wzi\u0119cia. Zatem w Regulaminie zosta\u0142 okre\u015blony tylko minimalny pr\u00f3g koszt\u00f3w kwalifikowalnych dla infrastruktury badawczej obj\u0119tych pomoc\u0105 publiczn\u0105.<\/p>\n\n\n\n<h5 class=\"wp-block-heading\">61.  Do wska\u017anika \u201eLiczba przedsi\u0119biorstw wsp\u00f3\u0142pracuj\u0105cych z o\u015brodkami badawczymi\u201d zgodnie z instrukcj\u0105 wype\u0142niania wniosku wliczane s\u0105 tylko te przedsi\u0119biorstwa, kt\u00f3re wnosz\u0105 wk\u0142ad w\u0142asny do przedsi\u0119wzi\u0119cia. Czy wobec tego, je\u015bli Wnioskodawca nie planuje pozyskiwania wk\u0142adu w\u0142asnego od przedsi\u0119biorstw, ten wska\u017anik powinien wykazywa\u0107 warto\u015b\u0107 zero?<\/h5>\n\n\n\n<p>Zgodnie z instrukcj\u0105, do wska\u017anika produktu \u201eLiczba przedsi\u0119biorstw wsp\u00f3\u0142pracuj\u0105cych z o\u015brodkami badawczymi\u201d wliczane s\u0105 tylko te przedsi\u0119biorstwa, kt\u00f3re wnosz\u0105 wk\u0142ad w\u0142asny do przedsi\u0119wzi\u0119cia. Tym samym &#8211; je\u015bli nie przewiduj\u0105 Pa\u0144stwo realizacji ww. wska\u017anika &#8211; nale\u017cy przyj\u0105\u0107 warto\u015b\u0107 \u201e0\u201d.<\/p>\n\n\n\n<h5 class=\"wp-block-heading\">62.  Zgodnie z Przewodnikiem kwalifikowalno\u015bci wydatk\u00f3w, w kategorii US\u0141UGI ZEWN\u0118TRZNE kwalifikowane s\u0105 \u201ekoszty promocji przedsi\u0119wzi\u0119cia (publikacje, koszt strony internetowej itp. \u2013 bez koszt\u00f3w delegacji, kt\u00f3re nale\u017cy rozlicza\u0107 w ramach koszt\u00f3w po\u015brednich) do 1% koszt\u00f3w kwalifikowalnych przedsi\u0119wzi\u0119cia\u201d. Czy to oznacza, \u017ce w ramach koszt\u00f3w promocji przedsi\u0119wzi\u0119cia kwalifikowane mog\u0105 by\u0107: 1. wy\u0142\u0105cznie us\u0142ugi zewn\u0119trzne? 2. koszty us\u0142ug zewn\u0119trznych zwi\u0105zane z opracowaniem graficznym i przygotowaniem np. broszury informacyjnej, roll-upu, plakatu?koszty us\u0142ug zewn\u0119trznych na realizacj\u0119 kampanii promocyjnej w mediach (zlecenie firmie zewn\u0119trznej przeprowadzenia kampanii)? 3. koszty us\u0142ug zewn\u0119trznych zwi\u0105zanych z wykupieniem post\u00f3w promocyjnych w mediach spo\u0142eczno\u015bciowych? 4. koszty zwi\u0105zane z organizacj\u0105 wydarze\u0144 informacyjno-promocyjnych \u2013 wynajem sali, materia\u0142y promocyjne (gad\u017cety), urz\u0105dzenia b\u0119d\u0105ce \u015brodkami trwa\u0142ymi lub warto\u015bciami niematerialnymi i prawnymi, tj. rzutnik, laptop, oprogramowanie\/licencje graficzne etc. niezb\u0119dne do dzia\u0142a\u0144 promocyjnych?<\/h5>\n\n\n\n<p>W dokumencie opracowanym przez Ministerstwo Funduszy i Polityki Regionalnej pt. \u201eStrategia Promocji i Informacji Krajowego Planu Odbudowy i Zwi\u0119kszania Odporno\u015bci\u201d uj\u0119to obowi\u0105zki komunikacyjne i zadania ostatecznych odbiorc\u00f3w wsparcia. Ostateczni odbiorcy wsparcia musz\u0105 realizowa\u0107 co najmniej nast\u0119puj\u0105ce zadania w zakresie komunikacji na temat KPO i swojego przedsi\u0119wzi\u0119cia:<\/p>\n\n\n\n<p>1) eksponowa\u0107 \u017ar\u00f3d\u0142o finansowania przedsi\u0119wzi\u0119cia m.in. przez w\u0142a\u015bciwe oznaczanie przedsi\u0119wzi\u0119cia oraz zwi\u0105zanych z nim materia\u0142\u00f3w, dokument\u00f3w, produkt\u00f3w i innych efekt\u00f3w realizacji i promocji przedsi\u0119wzi\u0119cia zgodnie z przekazanymi zasadami, a w tym:<\/p>\n\n\n\n<p>a) wszelkie dzia\u0142ania informacyjne i promocyjne na temat przedsi\u0119wzi\u0119\u0107 KPO m. in. ulotki, broszury, publikacje, noty prasowe, konferencje prasowe, robocze spotkania z pras\u0105, strony internetowe, newslettery, mailing, stopki wiadomo\u015bci e-mail, materia\u0142y audiowizualne, spotkania, konferencje, wyst\u0105pienia publiczne itp.,<\/p>\n\n\n\n<p>b) dokumentacj\u0119 dotycz\u0105c\u0105 KPO i przedsi\u0119wzi\u0119\u0107,<\/p>\n\n\n\n<p>c) miejsce realizacji przedsi\u0119wzi\u0119cia,<\/p>\n\n\n\n<p>d) wszystkie inne produkty b\u0119d\u0105ce wynikiem realizowanego przedsi\u0119wzi\u0119cia zar\u00f3wno w formie materialnej, jak i niematerialnej;<\/p>\n\n\n\n<p>2) umie\u015bci\u0107 opis realizowanego przedsi\u0119wzi\u0119cia na swojej stronie internetowej (je\u015bli posiadaj\u0105) i na profilach w mediach spo\u0142eczno\u015bciowych (je\u015bli posiadaj\u0105);<\/p>\n\n\n\n<p>3) umie\u015bci\u0107 w miejscu realizacji przedsi\u0119wzi\u0119cia plakaty lub tablice informacyjne z w\u0142a\u015bciwym oznaczeniem przedsi\u0119wzi\u0119cia;<\/p>\n\n\n\n<p>4) dostarcza\u0107 ukierunkowane informacje o przedsi\u0119wzi\u0119ciu r\u00f3\u017cnym grupom odbiorc\u00f3w, w tym mediom i opinii publicznej przez dzia\u0142ania PR, wsp\u00f3\u0142prac\u0119 z mediami, instytucjami zaanga\u017cowanymi, partnerami spo\u0142ecznymi i gospodarczymi.<\/p>\n\n\n\n<p>Ostateczni odbiorcy wsparcia mog\u0105 tak\u017ce realizowa\u0107 dodatkowe dzia\u0142ania informacyjno-promocyjne, je\u015bli przyczyniaj\u0105 si\u0119 one do zwi\u0119kszenia efektywno\u015bci realizowanych przedsi\u0119wzi\u0119\u0107 i zwi\u0119kszania \u015bwiadomo\u015bci na temat wsparcia p\u0142yn\u0105cego z KPO.<\/p>\n\n\n\n<p>Dzia\u0142ania informacyjne i promocyjne w ramach przedsi\u0119wzi\u0119cia mog\u0105 by\u0107 finansowane ze \u015brodk\u00f3w KPO. Zgodnie z Przewodnikiem kwalifikowalno\u015bci wydatk\u00f3w, koszty promocji przedsi\u0119wzi\u0119cia s\u0105 kwalifikowalne w ramach pomocy de minimis w cz\u0119\u015bci gospodarczej przedsi\u0119wzi\u0119cia w kategorii koszt\u00f3w: us\u0142ugi zewn\u0119trzne. Prosimy pami\u0119ta\u0107, \u017ce w ramach koszt\u00f3w promocji przedsi\u0119wzi\u0119cia kwalifikowalna jest warto\u015b\u0107 wydatk\u00f3w do 1% koszt\u00f3w kwalifikowalnych przedsi\u0119wzi\u0119cia.<\/p>\n\n\n\n<h5 class=\"wp-block-heading\">63.   Czy koszty po\u015brednie w cz\u0119\u015bci gospodarczej mog\u0105 by\u0107 naliczone jedynie od koszt\u00f3w promocji i certyfikat\u00f3w, poniewa\u017c tylko ta cz\u0119\u015b\u0107 koszt\u00f3w jest obj\u0119ta pomoc\u0105 de minimis?<\/h5>\n\n\n\n<p>Zgodnie z Przewodnikiem kwalifikowalno\u015bci wydatk\u00f3w, w cz\u0119\u015bci gospodarczej przedsi\u0119wzi\u0119cia w ramach pomocy de minimis (do wysoko\u015bci dost\u0119pnego limitu, tj. maksymalnie do kwoty 200 000 EUR) kwalifikowalne s\u0105 nast\u0119puj\u0105ce rodzaje koszt\u00f3w:<\/p>\n\n\n\n<p>1. Us\u0142ugi zewn\u0119trzne:<\/p>\n\n\n\n<p>a) wydatki na uzyskanie certyfikatu istotnego z punktu widzenia podniesienia konkurencyjno\u015bci laboratorium badawczego;<\/p>\n\n\n\n<p>b) koszty promocji przedsi\u0119wzi\u0119cia (publikacje, koszt strony internetowej itp. \u2013 bez koszt\u00f3w delegacji, kt\u00f3re nale\u017cy rozlicza\u0107 w ramach koszt\u00f3w po\u015brednich rozliczanych stawk\u0105 rycza\u0142tow\u0105) do 1% koszt\u00f3w kwalifikowalnych przedsi\u0119wzi\u0119cia;<\/p>\n\n\n\n<p>2. Koszty po\u015brednie rozliczane stawk\u0105 rycza\u0142tow\u0105.<\/p>\n\n\n\n<h5 class=\"wp-block-heading\">64. Czy aparatura badawcza zakupiona ze \u015brodk\u00f3w publicznych 8 lat temu i w pe\u0142ni zamortyzowana mo\u017ce stanowi\u0107 wk\u0142ad w\u0142asny niepieni\u0119\u017cny do projektu?<\/h5>\n\n\n\n<p>Zgodnie z postanowieniami Regulaminu zawartymi w \u00a7 2 ust. 9, wk\u0142ad w\u0142asny mo\u017ce by\u0107 wk\u0142adem rzeczowym (niepieni\u0119\u017cnym) w postaci nieruchomo\u015bci (grunty, budynki), aparatury naukowo-badawczej oraz warto\u015bci niematerialnych i prawnych. Wniesienie wk\u0142adu rzeczowego jest mo\u017cliwe wy\u0142\u0105cznie w ramach koszt\u00f3w infrastruktury badawczej obj\u0119tej pomoc\u0105 wynikaj\u0105c\u0105 z art. 26 Rozporz\u0105dzenia 651\/2014 (pomoc inwestycyjna na infrastruktur\u0119 badawcz\u0105). Szczeg\u00f3\u0142y dotycz\u0105ce wk\u0142adu niepieni\u0119\u017cnego zosta\u0142y opisane w Przewodniku kwalifikowalno\u015bci wydatk\u00f3w stanowi\u0105cym za\u0142\u0105cznik nr 3 do Regulaminu. Zgodnie z Przewodnikiem wk\u0142ad w\u0142asny niepieni\u0119\u017cny musi spe\u0142nia\u0107 co najmniej jeden z warunk\u00f3w, kt\u00f3re zosta\u0142y przytoczone powy\u017cej w odpowiedzi na pytanie 56.<\/p>\n\n\n\n<h5 class=\"wp-block-heading\">65. Czy wk\u0142ad w\u0142asny niepieni\u0119\u017cny w postaci nieruchomo\u015bci, stanowi\u0105cy do 10% warto\u015bci koszt\u00f3w kwalifikowanych przedsi\u0119wzi\u0119cia, jest rozliczany w cz\u0119\u015bci gospodarczej i jest wliczany jest do 50% cz\u0119\u015bci stanowi\u0105cej wk\u0142ad instytucji w inwestycj\u0119?<\/h5>\n\n\n\n<p>Zgodnie ze wzorem Harmonogramu rzeczowo-finansowego wk\u0142ad w\u0142asny jest wnoszony w koszty kwalifikowalne cz\u0119\u015bci gospodarczej i w tej cz\u0119\u015bci b\u0119dzie rozliczany. Je\u015bli wnoszona nieruchomo\u015b\u0107 b\u0119dzie stanowi\u0142a 10% ca\u0142kowitych koszt\u00f3w kwalifikowalnych na poziomie projektu, to jednocze\u015bnie jej koszt b\u0119dzie wliczany do 50% koszt\u00f3w kwalifikowalnych cz\u0119\u015bci gospodarczej w zakresie infrastruktury badawczej.&nbsp; Dodatkowo, prosimy zwr\u00f3ci\u0107 uwag\u0119 na&nbsp;metod\u0119 obliczania limitu dla nabywanej nieruchomo\u015bci. Zgodnie z&nbsp;Przewodnikiem kwalifikowalno\u015bci wydatk\u00f3w, &nbsp;\u0142\u0105czna kwota wydatk\u00f3w kwalifikowalnych zwi\u0105zanych bezpo\u015brednio z&nbsp;nabyciem nieruchomo\u015bci zabudowanej nie&nbsp;mo\u017ce przekroczy\u0107 10% ca\u0142kowitych bezpo\u015brednich koszt\u00f3w kwalifikowalnych przedsi\u0119wzi\u0119cia. W&nbsp;Przewodniku (str. 23) zosta\u0142 podany szczeg\u00f3\u0142owy spos\u00f3b obliczenia kosztu kwalifikowalnego w&nbsp;przypadku nieruchomo\u015bci.&nbsp;<\/p>\n\n\n\n<h5 class=\"wp-block-heading\">66.  W jakiej kategorii w Harmonogramie rzeczowo-finansowym nale\u017cy uj\u0105\u0107 wydatki na wytworzenie \u015brodk\u00f3w trwa\u0142ych (aparatury badawczej), kt\u00f3re nie stanowi\u0105 koszt\u00f3w wynagrodze\u0144, np. wydatki na materia\u0142y\/ podzespo\u0142y?<\/h5>\n\n\n\n<p>Zgodnie z Przewodnikiem kwalifikowalno\u015bci wydatk\u00f3w, w ramach koszt\u00f3w aparatury naukowo- badawczej kwalifikowalne s\u0105: wydatki na zakup lub wytworzenie lub unowocze\u015bnienie aparatury naukowo-badawczej zaliczanej do \u015brodk\u00f3w trwa\u0142ych, wydatki na modernizacj\u0119 posiadanej aparatury naukowo-badawczej, urz\u0105dze\u0144 i innych sk\u0142adnik\u00f3w wyposa\u017cenia laboratori\u00f3w oraz wydatki zwi\u0105zane z transportem, instalacj\u0105, testowaniem i uruchomieniem tych \u015brodk\u00f3w trwa\u0142ych, wraz ze specjalistycznym instrukta\u017cem w ich obs\u0142udze.<\/p>\n\n\n\n<p>W zwi\u0105zku z tym w Harmonogramie rzeczowo-finansowym wydatki na materia\u0142y\/podzespo\u0142y konieczne do wytworzenia aparatury badawczej powinny by\u0107 uj\u0119te w kategorii \u015arodki trwa\u0142e\/dostawy: &nbsp;Wydatki na zakup aparatury naukowo-badawczej.<\/p>\n\n\n\n<p>Prosimy pami\u0119ta\u0107, \u017ce w przypadku samodzielnego wytwarzania \u015brodka trwa\u0142ego lub przetwarzania posiadanego \u015brodka trwa\u0142ego &#8211; aparatury badawczej, zwi\u0105zane z tymi pracami wydatki musz\u0105 by\u0107 przypisane poprzez przejrzysty i oddzielny system rozliczania koszt\u00f3w przedsi\u0119wzi\u0119cia oparty na dokumentach ksi\u0119gowych lub dokumentach o r\u00f3wnowa\u017cnej warto\u015bci dowodowej.<\/p>\n\n\n\n<p>Ka\u017cdorazowo decyzja dotycz\u0105ca realizacji prac w ramach przedsi\u0119wzi\u0119cia samodzielnie albo zlecenia realizacji prac wykonawcy zewn\u0119trznemu powinna by\u0107 poprzedzona analiz\u0105 najbardziej efektywnego rozwi\u0105zania z punktu widzenia realizacji przedsi\u0119wzi\u0119cia, jak r\u00f3wnie\u017c powinna by\u0107 przeanalizowana pod k\u0105tem obowi\u0105zku stosowania przepis\u00f3w dotycz\u0105cych zam\u00f3wie\u0144.<\/p>\n\n\n\n<h5 class=\"wp-block-heading\">67.  Czy koszty audytu zewn\u0119trznego mog\u0105 by\u0107 kosztami kwalifikowanymi? Je\u015bli tak, czy nale\u017cy je rozbi\u0107 mi\u0119dzy cz\u0119\u015b\u0107 gospodarcz\u0105 i niegospodarcz\u0105?<\/h5>\n\n\n\n<p>Koszt audytu zewn\u0119trznego jest kosztem kwalifikowalnym pod warunkiem, \u017ce audyt rozpocz\u0105\u0142 si\u0119 po zrealizowaniu 50% planowych wydatk\u00f3w zwi\u0105zanych z projektem, ale nie p\u00f3\u017aniej ni\u017c przed zrealizowaniem 80% planowanych wydatk\u00f3w zwi\u0105zanych z przedsi\u0119wzi\u0119ciem. Koszt audytu powinien by\u0107 rozliczany jako koszt po\u015bredni metod\u0105 rycza\u0142tow\u0105 w cz\u0119\u015bci gospodarczej (w ramach pomocy de minimis) i niegospodarczej (w ramach finansowania publicznego). Zasady przeprowadzania audytu zewn\u0119trznego zosta\u0142y szczeg\u00f3\u0142owo opisane w Przewodniku kwalifikowalno\u015bci wydatk\u00f3w.<\/p>\n\n\n\n<h5 class=\"wp-block-heading\">68. Kt\u00f3re dok\u0142adnie nak\u0142ady\/kategorie koszt\u00f3w s\u0105 wliczane do limitu 25%? Czy koszty na remonty, prace budowlane i instalacyjne si\u0119 do nich zaliczaj\u0105?<\/h5>\n\n\n\n<p>Zgodnie z \u00a72 ust. 4 Regulaminu, cz\u0119\u015b\u0107 gospodarcza przedsi\u0119wzi\u0119cia obj\u0119ta pomoc\u0105 na infrastruktur\u0119 badawcz\u0105 nie mo\u017ce by\u0107 mniejsza ni\u017c 25 % warto\u015bci koszt\u00f3w kwalifikowalnych przedsi\u0119wzi\u0119cia. Nast\u0119puj\u0105ce kategorie koszt\u00f3w obj\u0119te s\u0105 pomoc\u0105 publiczn\u0105 na infrastruktur\u0119 badawcz\u0105:<\/p>\n\n\n\n<p>1.\u015arodki trwa\u0142e\/ Dostawy; 2. Warto\u015bci niematerialne i prawne; 3. Personel projektu; 4. Amortyzacja; 5. Nieruchomo\u015bci; 6. Roboty budowlane; 7. Nadz\u00f3r\/ zarz\u0105dzanie inwestycj\u0105.<\/p>\n\n\n\n<h5 class=\"wp-block-heading\">69.  Aparatura badawcza: czy do wniosku powinna by\u0107 za\u0142\u0105czona wycena takiego wk\u0142adu rzeczowego sporz\u0105dzona przez rzeczoznawc\u0119? Kiedy powinna by\u0107 sporz\u0105dzona wycena wk\u0142adu rzeczowego i czy jest ona za\u0142\u0105czana do wniosku o p\u0142atno\u015b\u0107, czy przy sk\u0142adaniu wniosku o obj\u0119cie przedsi\u0119wzi\u0119cia wsparciem?<\/h5>\n\n\n\n<p>Niezb\u0119dne jest przedstawienie przez Wnioskodawc\u0119 wyceny wk\u0142adu przeprowadzonej przez uprawnionego rzeczoznawc\u0119. Wymagania dotycz\u0105ce przeprowadzenia wk\u0142adu rzeczowego zosta\u0142y przedstawione w Przewodniku kwalifikowalno\u015bci wydatk\u00f3w. Zgodnie z nimi powinna zosta\u0107 przedstawiona opinia przygotowana przez rzeczoznawc\u0119, do kt\u00f3rej zostan\u0105 do\u0142\u0105czone m.in. dokumenty, na podstawie kt\u00f3rych dokonano wyceny, np.  sprz\u0119tu. Przygotowan\u0105 dokumentacj\u0119 nale\u017cy do\u0142\u0105czy\u0107 do Studium wykonalno\u015bci w ramach za\u0142\u0105cznika nr 3.<\/p>\n\n\n\n<h5 class=\"wp-block-heading\">70.  <strong>Jak za\u0142\u0105cza\u0107 pliki o pojemno\u015bci wi\u0119kszej ni\u017c 25 MB? Czy jest mo\u017cliwo\u015b\u0107 za\u0142\u0105czenia katalogu skompresowanego ZIP?<\/strong><\/h5>\n\n\n\n<p>W aplikacji WOD2021 zosta\u0142a wprowadzona nowa funkcjonalno\u015b\u0107 polegaj\u0105ca na mo\u017cliwo\u015bci dodawania skompresowanych dokument\u00f3w (zip).<\/p>\n\n\n\n<p>Je\u015bli dokument ma form\u0119 podpisanego skanu, nale\u017cy za\u0142\u0105cza\u0107 pliki w formacie: doc, docx lub PDF. Natomiast je\u015bli jest arkuszem kalkulacyjnym, to w formacie xls, plik EXCEL. Zalecamy, aby skanowane dokumenty by\u0142y w odcieniach szaro\u015bci, co zwi\u0119ksza czytelno\u015b\u0107 pliku i jednocze\u015bnie zajmuje mniej miejsca.\u00a0<\/p>\n\n\n\n<p>Ponadto w sekcji &#8222;Za\u0142\u0105czniki&#8221; w aplikacji WOD2021 zosta\u0142y dodane  nieobowi\u0105zkowe pola dla za\u0142\u0105cznik\u00f3w. W przypadku, gdy przygotowany za\u0142\u0105cznik do wniosku przekracza wielko\u015b\u0107 25 MB, mo\u017cna podzieli\u0107 go na kilka plik\u00f3w. W\u00f3wczas nale\u017cy pierwsz\u0105 cz\u0119\u015b\u0107 za\u0142\u0105cznika do\u0142\u0105czy\u0107 w polu w\u0142a\u015bciwym dla za\u0142\u0105cznika &#8222;Studium wykonalno\u015bci\u201d, a nast\u0119pne kolejne jego cz\u0119\u015bci w polu &#8222;Dodatkowy za\u0142\u0105cznik nr\u2026&#8221;, np. pod nazw\u0105 \u201eStudium wykonalno\u015bci \u2013 cz\u0119\u015b\u0107 2\u201d. Ka\u017cdy za\u0142\u0105cznik umieszczony w dodatkowych polach powinien by\u0107 opisany w spos\u00f3b umo\u017cliwiaj\u0105cy jego identyfikacj\u0119.<\/p>\n","protected":false},"excerpt":{"rendered":"<p>Zapraszamy do zapoznania si\u0119 z odpowiedziami na najcz\u0119\u015bciej zadawane pytania dotycz\u0105ce inwestycji A2.4.1. Inwestycje w rozbudow\u0119 potencja\u0142u badawczego w ramach Krajowego Planu Odbudowy i Zwi\u0119kszania Odporno\u015bci (KPO) 1. Czy zapis pkt. 9 Regulaminu wyboru przedsi\u0119wzi\u0119\u0107 (\u2026) \u2013 przedsi\u0119wzi\u0119cia z Polskiej Mapy Infrastruktury Badawczej (nab\u00f3r wniosk\u00f3w nr KPOD.01.18-IW.03-001\/23) oznacza, \u017ce publiczna uczelnia wy\u017csza maj\u0105ca siedzib\u0119 w [&hellip;]<\/p>\n","protected":false},"author":2,"featured_media":0,"parent":0,"menu_order":0,"comment_status":"closed","ping_status":"closed","template":"page-template-single.php","meta":{"footnotes":"","_links_to":"","_links_to_target":""},"class_list":["post-25873","page","type-page","status-publish","hentry"],"_links":{"self":[{"href":"https:\/\/opi.org.pl\/kpo\/wp-json\/wp\/v2\/pages\/25873","targetHints":{"allow":["GET"]}}],"collection":[{"href":"https:\/\/opi.org.pl\/kpo\/wp-json\/wp\/v2\/pages"}],"about":[{"href":"https:\/\/opi.org.pl\/kpo\/wp-json\/wp\/v2\/types\/page"}],"author":[{"embeddable":true,"href":"https:\/\/opi.org.pl\/kpo\/wp-json\/wp\/v2\/users\/2"}],"replies":[{"embeddable":true,"href":"https:\/\/opi.org.pl\/kpo\/wp-json\/wp\/v2\/comments?post=25873"}],"version-history":[{"count":25,"href":"https:\/\/opi.org.pl\/kpo\/wp-json\/wp\/v2\/pages\/25873\/revisions"}],"predecessor-version":[{"id":26211,"href":"https:\/\/opi.org.pl\/kpo\/wp-json\/wp\/v2\/pages\/25873\/revisions\/26211"}],"wp:attachment":[{"href":"https:\/\/opi.org.pl\/kpo\/wp-json\/wp\/v2\/media?parent=25873"}],"curies":[{"name":"wp","href":"https:\/\/api.w.org\/{rel}","templated":true}]}}