{"id":35,"date":"2024-01-19T12:57:51","date_gmt":"2024-01-19T12:57:51","guid":{"rendered":"https:\/\/feng.test\/?page_id=35"},"modified":"2026-03-26T11:57:09","modified_gmt":"2026-03-26T10:57:09","slug":"deklaracja-dostepnosci","status":"publish","type":"page","link":"https:\/\/opi.org.pl\/feng\/deklaracja-dostepnosci\/","title":{"rendered":"Deklaracja dost\u0119pno\u015bci"},"content":{"rendered":"\n<section id=\"a11y-wstep\">\n\t<p>\n\t\t<span id=\"a11y-podmiot\"\n\t\t\t>O\u015brodek Przetwarzania Informacji \u2013 Pa\u0144stwowy Instytut Badawczy<\/span\n\t\t>\n\t\tzobowi\u0105zuje si\u0119 zapewni\u0107 dost\u0119pno\u015b\u0107 swojej\n\t\t<span id=\"a11y-zakres\">strony internetowej<\/span> zgodnie z ustaw\u0105 z dnia 4\n\t\tkwietnia 2019 r. o dost\u0119pno\u015bci cyfrowej stron internetowych i aplikacji\n\t\tmobilnych podmiot\u00f3w publicznych.\n\t<\/p>\n\t<p>\n\t\tDeklaracja dost\u0119pno\u015bci dotyczy strony internetowej<a\n\t\t\thref=\"https:\/\/opi.org.pl\/feng\"\n\t\t\tid=\"a11y-url\"\n\t\t>\n\t\t\thttps:\/\/opi.org.pl\/feng<\/a\n\t\t>.\n\t<\/p>\n<\/section>\n<ul>\n\t<li>\n\t\tData publikacji strony internetowej:<time\n\t\t\tid=\"a11y-data-publikacja\"\n\t\t\tdatetime=\"2024-02-20\"\n\t\t>\n\t\t\t20 lutego 2024 roku\n\t\t<\/time>\n\t<\/li>\n\t<li>\n\t\tData ostatniej istotnej aktualizacji:<time\n\t\t\tid=\"a11y-data-aktualizacja\"\n\t\t\tdatetime=\"2024-02-20\"\n\t\t>\n\t\t\t20 lutego 2024 roku\n\t\t<\/time>\n\t<\/li>\n<\/ul>\n<h2>Stan dost\u0119pno\u015bci cyfrowej<\/h2>\n<p id=\"a11y-status\">\n\tTa strona internetowa jest cz\u0119\u015bciowo zgodna z za\u0142\u0105cznikiem do ustawy o\n\tdost\u0119pno\u015bci cyfrowej z dnia 4 kwietnia 2019 r. o dost\u0119pno\u015bci cyfrowej stron\n\tinternetowych i aplikacji mobilnych podmiot\u00f3w publicznych z powodu niezgodno\u015bci\n\twymienionych poni\u017cej.\n<\/p>\n<h2>Niedost\u0119pne tre\u015bci<\/h2>\n<h3>Niezgodno\u015b\u0107 z za\u0142\u0105cznikiem<\/h3>\n<section>\n\t<ul>\n\t\t<li>niekt\u00f3re elementy strony mog\u0105 mie\u0107 za niski kontrast<\/li>\n\t\t<li>mog\u0105 pojawi\u0107 si\u0119 problemy przy powi\u0119kszaniu strony<\/li>\n\t\t<li>fokus mo\u017ce by\u0107 s\u0142abowidoczny<\/li>\n\t<\/ul>\n<\/section>\n<h3>Przygotowanie deklaracji dost\u0119pno\u015bci i jej aktualizacja<\/h3>\n<ul>\n\t<li>\n\t\tData sporz\u0105dzenia deklaracji:\n\t\t<time id=\"a11y-data-sporzadzenie\" datetime=\"2024-02-20\">\n\t\t\t20 lutego 2024 roku<\/time\n\t\t>\n\t<\/li>\n\t<li>\n\t\tData ostatniego przegl\u0105du deklaracji:\n\t\t<time id=\"a11y-data-przeglad\" datetime=\"2026-03-26\"> 26 marca 2026 roku<\/time>\n\t<\/li>\n<\/ul>\n<p>\n\tDeklaracj\u0119 sporz\u0105dzili\u015bmy na podstawie samooceny. Metoda wykorzystana w\n\tsamoocenie to: Lista kontrolna do badania dost\u0119pno\u015bci cyfrowej strony\n\tinternetowej \u2013 wersja 2.2.\n\t<a href=\"https:\/\/opi.org.pl\/feng\/wp-content\/uploads\/2025\/05\/samoocena-feng.pdf\">Pobierz raport z samooceny<\/a>.\n<\/p>\n<h2>Informacje zwrotne i dane kontaktowe<\/h2>\n<p>\n\tWszystkie problemy z dost\u0119pno\u015bci\u0105 cyfrow\u0105 tej strony internetowej mo\u017cesz\n\tzg\u0142osi\u0107 do <span id=\"a11y-kontakt\">Rafa\u0142a Jendrzejewskiego<\/span> \u2014\n\te-mailowo <a id=\"a11y-email\" href=\"mailto:dostepnosc@opi.org.pl\"\n\t\t>dostepnosc@opi.org.pl<\/a\n\t>\n\tlub telefonicznie <a href=\"+48512014561\" id=\"a11y-telefon\">512 014 561<\/a>.\n<\/p>\n<p>\n\tKa\u017cdy ma prawo wyst\u0105pi\u0107 z \u017c\u0105daniem zapewnienia dost\u0119pno\u015bci cyfrowej tej strony\n\tinternetowej lub jej element\u00f3w.\n<\/p>\n<p>Zg\u0142aszaj\u0105c takie \u017c\u0105danie podaj:<\/p>\n<ul>\n\t<li>swoje imi\u0119 i nazwisko,<\/li>\n\t<li>swoje dane kontaktowe (np. numer telefonu, e-mail),<\/li>\n\t<li>\n\t\tdok\u0142adny adres strony internetowej, na kt\u00f3rej jest niedost\u0119pny cyfrowo\n\t\telement lub tre\u015b\u0107,\n\t<\/li>\n\t<li>\n\t\topis na czym polega problem i jaki spos\u00f3b jego rozwi\u0105zania by\u0142by dla Ciebie\n\t\tnajwygodniejszy.\n\t<\/li>\n<\/ul>\n<p>\n\tNa Twoje zg\u0142oszenie odpowiemy najszybciej jak to mo\u017cliwe, nie p\u00f3\u017aniej ni\u017c w\n\tci\u0105gu 7 dni od jego otrzymania.\n<\/p>\n<p>\n\tJe\u017celi ten termin b\u0119dzie dla nas zbyt kr\u00f3tki poinformujemy Ci\u0119 o tym. W tej\n\tinformacji podamy nowy termin, do kt\u00f3rego poprawimy zg\u0142oszone przez Ciebie\n\tb\u0142\u0119dy lub przygotujemy informacje w alternatywny spos\u00f3b. Ten nowy termin nie\n\tb\u0119dzie d\u0142u\u017cszy ni\u017c 2 miesi\u0105ce.\n<\/p>\n<p>\n\tJe\u017celi nie b\u0119dziemy w stanie zapewni\u0107 dost\u0119pno\u015bci cyfrowej strony internetowej\n\tlub tre\u015bci, wskazanej w Twoim \u017c\u0105daniu, zaproponujemy Ci dost\u0119p do nich w\n\talternatywny spos\u00f3b.\n<\/p>\n<section id=\"a11y-procedura\">\n\t<h3>Obs\u0142uga wniosk\u00f3w i skarg zwi\u0105zanych z dost\u0119pno\u015bci\u0105<\/h3>\n\t<p>\n\t\tJe\u017celi w odpowiedzi na Tw\u00f3j wniosek o zapewnienie dost\u0119pno\u015bci cyfrowej,\n\t\todm\u00f3wimy zapewnienia \u017c\u0105danej przez Ciebie dost\u0119pno\u015bci cyfrowej, a Ty nie\n\t\tzgadzasz si\u0119 z t\u0105 odmow\u0105, masz prawo z\u0142o\u017cy\u0107 skarg\u0119.\n\t<\/p>\n\t<p>\n\t\tSkarg\u0119 masz prawo z\u0142o\u017cy\u0107 tak\u017ce, je\u015bli nie zgadzasz si\u0119 na skorzystanie z\n\t\talternatywnego sposobu dost\u0119pu, kt\u00f3ry zaproponowali\u015bmy Ci w odpowiedzi na\n\t\tTw\u00f3j wniosek o zapewnienie dost\u0119pno\u015bci cyfrowej.\n\t<\/p>\n\t<p>Ewentualn\u0105 skarg\u0119 z\u0142\u00f3\u017c listownie lub e-mailem do:<\/p>\n\t<ul>\n\t\t<li>Rafa\u0142 Jendrzejewski ,<\/li>\n\t\t<li>al. Niepodleg\u0142o\u015bci 188B, 00-608 Warszawa,<\/li>\n\t\t<li>\n\t\t\te-mail: <a href=\"mailto:dostepnosc@opi.org.pl\"> dostepnosc@opi.org.pl<\/a>.\n\t\t<\/li>\n\t<\/ul>\n\t<p>\n\t\t<a\n\t\t\thref=\"https:\/\/www.gov.pl\/web\/gov\/zloz-wniosek-o-zapewnienie-dostepnosci-cyfrowej-strony-internetowej-lub-aplikacji-mobilnej\"\n\t\t>\n\t\t\tPomocne mog\u0105 by\u0107 informacje, kt\u00f3re mo\u017cna znale\u017a\u0107 na rz\u0105dowym portalu\n\t\t\tgov.pl<\/a\n\t\t>.\n\t<\/p>\n\t<p>\n\t\tMo\u017cesz tak\u017ce poinformowa\u0107 o tej sytuacji\n\t\t<a href=\"https:\/\/bip.brpo.gov.pl\/\" class=\"external\">Rzecznika Praw Obywatelskich<\/a> i\n\t\tpoprosi\u0107 o interwencj\u0119 w Twojej sprawie.\n\t<\/p>\n<\/section>\n<h2>Pozosta\u0142e informacje<\/h2>\n<section id=\"a11y-architektura\">\n\t<h3>Dost\u0119pno\u015b\u0107 architektoniczna<\/h3>\n\t<div>\n\t\t<p>\n\t\t\tO\u015brodek Przetwarzania Informacji \u2013 Pa\u0144stwowy Instytut Badawczy, al.\n\t\t\tNiepodleg\u0142o\u015bci 188B, 00-608 Warszawa.\n\t\t<\/p>\n\t\t<p>\n\t\t\tDo ka\u017cdego z budynk\u00f3w prowadz\u0105 dwa wej\u015bcia. Dla go\u015bci przeznaczone jest\n\t\t\twej\u015bcie g\u0142\u00f3wne, do kt\u00f3rego prowadz\u0105 schody. Przy schodach znajduje si\u0119\n\t\t\tpodjazd dla w\u00f3zk\u00f3w. Przed budynkiem wyznaczono dwa miejsca parkingowe\n\t\t\tprzeznaczone dla os\u00f3b niepe\u0142nosprawnych. Recepcja znajduje si\u0119 naprzeciwko\n\t\t\twej\u015bcia. Dalsze przej\u015bcie wymaga u\u017cycia karty umo\u017cliwiaj\u0105cej otwarcie\n\t\t\tdrzwi. Dla os\u00f3b na w\u00f3zkach dost\u0119pny jest korytarz i pomieszczenia na\n\t\t\tparterze. W budynku nie ma windy. Toaleta dla os\u00f3b niepe\u0142nosprawnych\n\t\t\tznajduje si\u0119 na parterze. Do budynku i wszystkich jego pomieszcze\u0144 mo\u017cna\n\t\t\twej\u015b\u0107 z psem asystuj\u0105cym i psem przewodnikiem.\n\t\t<\/p>\n\t<\/div>\n<\/section>\n<section id=\"a11y-komunikacja\">\n\t<h3>Dost\u0119pno\u015b\u0107 komunikacyjno-informacyjna<\/h3>\n\n\t<div>\n\t\t<p>\n\t\t\tZgodnie z przepisami ustawy z dnia 19 sierpnia 2011 r. o j\u0119zyku migowym i\n\t\t\tinnych \u015brodkach komunikowania si\u0119 O\u015brodek Przetwarzania Informacji \u2013\n\t\t\tPa\u0144stwowy Instytut Badawczy udost\u0119pnia osobom do\u015bwiadczaj\u0105cym trwale lub\n\t\t\tokresowo trudno\u015bci w komunikowaniu si\u0119 nast\u0119puj\u0105ce formy kontaktu z\n\t\t\turz\u0119dem:\n\t\t<\/p>\n\t\t<p>SMS: 512 014 561<\/p>\n\t\t<p>E-mail: dostepnosc@opi.org.pl<\/p>\n\t<\/div>\n<\/section>\n","protected":false},"excerpt":{"rendered":"<p>O\u015brodek Przetwarzania Informacji \u2013 Pa\u0144stwowy Instytut Badawczy zobowi\u0105zuje si\u0119 zapewni\u0107 dost\u0119pno\u015b\u0107 swojej strony internetowej zgodnie z ustaw\u0105 z dnia 4 kwietnia 2019 r. o dost\u0119pno\u015bci cyfrowej stron internetowych i aplikacji mobilnych podmiot\u00f3w publicznych. Deklaracja dost\u0119pno\u015bci dotyczy strony internetowej https:\/\/opi.org.pl\/feng. Data publikacji strony internetowej: 20 lutego 2024 roku Data ostatniej istotnej aktualizacji: 20 lutego 2024 roku&hellip;<\/p>\n","protected":false},"author":2,"featured_media":0,"parent":0,"menu_order":0,"comment_status":"closed","ping_status":"closed","template":"","meta":{"footnotes":"","_links_to":"","_links_to_target":""},"class_list":["post-35","page","type-page","status-publish","hentry"],"_links":{"self":[{"href":"https:\/\/opi.org.pl\/feng\/wp-json\/wp\/v2\/pages\/35","targetHints":{"allow":["GET"]}}],"collection":[{"href":"https:\/\/opi.org.pl\/feng\/wp-json\/wp\/v2\/pages"}],"about":[{"href":"https:\/\/opi.org.pl\/feng\/wp-json\/wp\/v2\/types\/page"}],"author":[{"embeddable":true,"href":"https:\/\/opi.org.pl\/feng\/wp-json\/wp\/v2\/users\/2"}],"replies":[{"embeddable":true,"href":"https:\/\/opi.org.pl\/feng\/wp-json\/wp\/v2\/comments?post=35"}],"version-history":[{"count":6,"href":"https:\/\/opi.org.pl\/feng\/wp-json\/wp\/v2\/pages\/35\/revisions"}],"predecessor-version":[{"id":1703,"href":"https:\/\/opi.org.pl\/feng\/wp-json\/wp\/v2\/pages\/35\/revisions\/1703"}],"wp:attachment":[{"href":"https:\/\/opi.org.pl\/feng\/wp-json\/wp\/v2\/media?parent=35"}],"curies":[{"name":"wp","href":"https:\/\/api.w.org\/{rel}","templated":true}]}}